{"id":486,"date":"2022-07-17T09:20:10","date_gmt":"2022-07-17T07:20:10","guid":{"rendered":"https:\/\/eglise-saint-clair.org\/?page_id=486"},"modified":"2022-09-23T11:41:32","modified_gmt":"2022-09-23T09:41:32","slug":"cartes-postales","status":"publish","type":"page","link":"https:\/\/eglise-saint-clair.org\/?page_id=486","title":{"rendered":"Cartes postales"},"content":{"rendered":"<p>L&rsquo;Association a r\u00e9\u00e9dit\u00e9 des cartes postales anciennes de l&rsquo;\u00e9glise et du village d&rsquo;H\u00e9rouville-en-Vexin.<\/p>\n<p>Elles sont disponibles sur rendez-vous <span style=\"color: #0000ff;\"><a style=\"color: #0000ff;\" href=\"https:\/\/eglise-saint-clair.org\/?page_id=107\">en nous envoyant un mail<\/a><\/span> ou par t\u00e9l\u00e9phone 06 63 12 41 61 (1.00\u20ac chaque vendues au profit de la restauration de l&rsquo;\u00e9glise, frais d&rsquo;envoi \u00e9ventuels en suppl\u00e9ment). Vous pouvez \u00e9galement les <span style=\"color: #0000ff;\"><a style=\"color: #0000ff;\" href=\"https:\/\/www.helloasso.com\/associations\/association-de-sauvegarde-de-l-eglise-saint-clair-d-herouville-en-vexin\/boutiques\/cartes-postales-timbres\" target=\"_blank\" rel=\"noopener\">commander en ligne (en cliquant ici gr\u00e2ce \u00e0 notre partenaire HelloAsso.<\/a><\/span><\/p>\n<p>Bien s\u00fbr, les \u00ab\u00a0tags\u00a0\u00bb rouges avec l&rsquo;adresse du site de l&rsquo;Association ne figurent pas sur les cartes postales !<\/p>\n<table style=\"border-collapse: collapse; width: 100%; height: 744px;\">\n<tbody>\n<tr style=\"height: 24px;\">\n<td style=\"width: 5.29159%; height: 24px;\"><strong><span style=\"font-size: 14pt;\">1<\/span><\/strong><\/td>\n<td style=\"width: 37.8524%; height: 24px;\"><img loading=\"lazy\" decoding=\"async\" class=\"alignnone wp-image-491 size-medium\" src=\"https:\/\/eglise-saint-clair.org\/wp-content\/uploads\/2022\/07\/01-cafe-Simard-et-forge-300x196.jpg\" alt=\"Caf\u00e9 Simard - H\u00e9rouville en Vexin\" width=\"300\" height=\"196\" srcset=\"https:\/\/eglise-saint-clair.org\/wp-content\/uploads\/2022\/07\/01-cafe-Simard-et-forge-300x196.jpg 300w, https:\/\/eglise-saint-clair.org\/wp-content\/uploads\/2022\/07\/01-cafe-Simard-et-forge-1024x670.jpg 1024w, https:\/\/eglise-saint-clair.org\/wp-content\/uploads\/2022\/07\/01-cafe-Simard-et-forge-768x502.jpg 768w, https:\/\/eglise-saint-clair.org\/wp-content\/uploads\/2022\/07\/01-cafe-Simard-et-forge-1536x1004.jpg 1536w, https:\/\/eglise-saint-clair.org\/wp-content\/uploads\/2022\/07\/01-cafe-Simard-et-forge-2048x1339.jpg 2048w, https:\/\/eglise-saint-clair.org\/wp-content\/uploads\/2022\/07\/01-cafe-Simard-et-forge-1140x745.jpg 1140w\" sizes=\"auto, (max-width: 300px) 100vw, 300px\" \/><\/td>\n<td style=\"width: 56.8559%; height: 24px;\">Le caf\u00e9 Simard et la forge vers 1912<\/td>\n<\/tr>\n<tr style=\"height: 24px;\">\n<td style=\"width: 5.29159%; height: 24px;\"><strong><span style=\"font-size: 14pt;\">2<\/span><\/strong><\/td>\n<td style=\"width: 37.8524%; height: 24px;\"><img loading=\"lazy\" decoding=\"async\" class=\"alignnone wp-image-492 size-medium\" src=\"https:\/\/eglise-saint-clair.org\/wp-content\/uploads\/2022\/07\/02-Cafe-Simard-et-forge-300x195.jpg\" alt=\"Caf\u00e9 Simard H\u00e9rouville en Vexin\" width=\"300\" height=\"195\" srcset=\"https:\/\/eglise-saint-clair.org\/wp-content\/uploads\/2022\/07\/02-Cafe-Simard-et-forge-300x195.jpg 300w, https:\/\/eglise-saint-clair.org\/wp-content\/uploads\/2022\/07\/02-Cafe-Simard-et-forge-1024x666.jpg 1024w, https:\/\/eglise-saint-clair.org\/wp-content\/uploads\/2022\/07\/02-Cafe-Simard-et-forge-768x499.jpg 768w, https:\/\/eglise-saint-clair.org\/wp-content\/uploads\/2022\/07\/02-Cafe-Simard-et-forge-1536x999.jpg 1536w, https:\/\/eglise-saint-clair.org\/wp-content\/uploads\/2022\/07\/02-Cafe-Simard-et-forge-2048x1332.jpg 2048w, https:\/\/eglise-saint-clair.org\/wp-content\/uploads\/2022\/07\/02-Cafe-Simard-et-forge-1140x741.jpg 1140w\" sizes=\"auto, (max-width: 300px) 100vw, 300px\" \/><\/td>\n<td style=\"width: 56.8559%; height: 24px;\">Le caf\u00e9 Simard et la forge<\/td>\n<\/tr>\n<tr style=\"height: 24px;\">\n<td style=\"width: 5.29159%; height: 24px;\"><strong><span style=\"font-size: 14pt;\">3<\/span><\/strong><\/td>\n<td style=\"width: 37.8524%; height: 24px;\"><img loading=\"lazy\" decoding=\"async\" class=\"alignnone wp-image-493 size-medium\" src=\"https:\/\/eglise-saint-clair.org\/wp-content\/uploads\/2022\/07\/03-Les-champs-autour-dHerouville-300x190.jpg\" alt=\"Les champs autour d'H\u00e9rouville en Vexin\" width=\"300\" height=\"190\" srcset=\"https:\/\/eglise-saint-clair.org\/wp-content\/uploads\/2022\/07\/03-Les-champs-autour-dHerouville-300x190.jpg 300w, https:\/\/eglise-saint-clair.org\/wp-content\/uploads\/2022\/07\/03-Les-champs-autour-dHerouville-1024x648.jpg 1024w, https:\/\/eglise-saint-clair.org\/wp-content\/uploads\/2022\/07\/03-Les-champs-autour-dHerouville-768x486.jpg 768w, https:\/\/eglise-saint-clair.org\/wp-content\/uploads\/2022\/07\/03-Les-champs-autour-dHerouville-1536x972.jpg 1536w, https:\/\/eglise-saint-clair.org\/wp-content\/uploads\/2022\/07\/03-Les-champs-autour-dHerouville-2048x1296.jpg 2048w, https:\/\/eglise-saint-clair.org\/wp-content\/uploads\/2022\/07\/03-Les-champs-autour-dHerouville-1140x721.jpg 1140w\" sizes=\"auto, (max-width: 300px) 100vw, 300px\" \/><\/td>\n<td style=\"width: 56.8559%; height: 24px;\">Les champs autour d&rsquo;H\u00e9rouville-en-Vexin<\/td>\n<\/tr>\n<tr style=\"height: 24px;\">\n<td style=\"width: 5.29159%; height: 24px;\"><strong><span style=\"font-size: 14pt;\">4<\/span><\/strong><\/td>\n<td style=\"width: 37.8524%; height: 24px;\"><img loading=\"lazy\" decoding=\"async\" class=\"alignnone wp-image-494 size-medium\" src=\"https:\/\/eglise-saint-clair.org\/wp-content\/uploads\/2022\/07\/04-Ferme-Bagnard-300x195.jpg\" alt=\"La ferme Bagnard vers 1907 - H\u00e9rouville en Vexin\" width=\"300\" height=\"195\" srcset=\"https:\/\/eglise-saint-clair.org\/wp-content\/uploads\/2022\/07\/04-Ferme-Bagnard-300x195.jpg 300w, https:\/\/eglise-saint-clair.org\/wp-content\/uploads\/2022\/07\/04-Ferme-Bagnard-1024x665.jpg 1024w, https:\/\/eglise-saint-clair.org\/wp-content\/uploads\/2022\/07\/04-Ferme-Bagnard-768x499.jpg 768w, https:\/\/eglise-saint-clair.org\/wp-content\/uploads\/2022\/07\/04-Ferme-Bagnard-1536x997.jpg 1536w, https:\/\/eglise-saint-clair.org\/wp-content\/uploads\/2022\/07\/04-Ferme-Bagnard-2048x1330.jpg 2048w, https:\/\/eglise-saint-clair.org\/wp-content\/uploads\/2022\/07\/04-Ferme-Bagnard-1140x740.jpg 1140w\" sizes=\"auto, (max-width: 300px) 100vw, 300px\" \/><\/td>\n<td style=\"width: 56.8559%; height: 24px;\">La ferme Bagnard vers 1907<\/td>\n<\/tr>\n<tr style=\"height: 24px;\">\n<td style=\"width: 5.29159%; height: 24px;\"><strong><span style=\"font-size: 14pt;\">5<\/span><\/strong><\/td>\n<td style=\"width: 37.8524%; height: 24px;\"><img loading=\"lazy\" decoding=\"async\" class=\"alignnone wp-image-495 size-medium\" src=\"https:\/\/eglise-saint-clair.org\/wp-content\/uploads\/2022\/07\/05-Le-Chateau-dHerouville-vu-par-derriere-300x193.jpg\" alt=\"Le ch\u00e2teau d'H\u00e9rouville (aile nord) H\u00e9rouville en Vexin\" width=\"300\" height=\"193\" srcset=\"https:\/\/eglise-saint-clair.org\/wp-content\/uploads\/2022\/07\/05-Le-Chateau-dHerouville-vu-par-derriere-300x193.jpg 300w, https:\/\/eglise-saint-clair.org\/wp-content\/uploads\/2022\/07\/05-Le-Chateau-dHerouville-vu-par-derriere-1024x659.jpg 1024w, https:\/\/eglise-saint-clair.org\/wp-content\/uploads\/2022\/07\/05-Le-Chateau-dHerouville-vu-par-derriere-768x494.jpg 768w, https:\/\/eglise-saint-clair.org\/wp-content\/uploads\/2022\/07\/05-Le-Chateau-dHerouville-vu-par-derriere-1536x989.jpg 1536w, https:\/\/eglise-saint-clair.org\/wp-content\/uploads\/2022\/07\/05-Le-Chateau-dHerouville-vu-par-derriere-2048x1318.jpg 2048w, https:\/\/eglise-saint-clair.org\/wp-content\/uploads\/2022\/07\/05-Le-Chateau-dHerouville-vu-par-derriere-1140x734.jpg 1140w\" sizes=\"auto, (max-width: 300px) 100vw, 300px\" \/><\/td>\n<td style=\"width: 56.8559%; height: 24px;\">Le ch\u00e2teau d&rsquo;H\u00e9rouville (aile nord)<\/td>\n<\/tr>\n<tr style=\"height: 24px;\">\n<td style=\"width: 5.29159%; height: 24px;\"><strong><span style=\"font-size: 14pt;\">6<\/span><\/strong><\/td>\n<td style=\"width: 37.8524%; height: 24px;\"><img loading=\"lazy\" decoding=\"async\" class=\"alignnone wp-image-496 size-medium\" src=\"https:\/\/eglise-saint-clair.org\/wp-content\/uploads\/2022\/07\/06-Le-chateau-dHerouville-300x195.jpg\" alt=\"Le ch\u00e2teau d'H\u00e9rouville - H\u00e9rouville en Vexin\" width=\"300\" height=\"195\" srcset=\"https:\/\/eglise-saint-clair.org\/wp-content\/uploads\/2022\/07\/06-Le-chateau-dHerouville-300x195.jpg 300w, https:\/\/eglise-saint-clair.org\/wp-content\/uploads\/2022\/07\/06-Le-chateau-dHerouville-1024x665.jpg 1024w, https:\/\/eglise-saint-clair.org\/wp-content\/uploads\/2022\/07\/06-Le-chateau-dHerouville-768x499.jpg 768w, https:\/\/eglise-saint-clair.org\/wp-content\/uploads\/2022\/07\/06-Le-chateau-dHerouville-1536x998.jpg 1536w, https:\/\/eglise-saint-clair.org\/wp-content\/uploads\/2022\/07\/06-Le-chateau-dHerouville-2048x1330.jpg 2048w, https:\/\/eglise-saint-clair.org\/wp-content\/uploads\/2022\/07\/06-Le-chateau-dHerouville-1140x740.jpg 1140w\" sizes=\"auto, (max-width: 300px) 100vw, 300px\" \/><\/td>\n<td style=\"width: 56.8559%; height: 24px;\">Le ch\u00e2teau d&rsquo;H\u00e9rouville<\/td>\n<\/tr>\n<tr style=\"height: 24px;\">\n<td style=\"width: 5.29159%; height: 24px;\"><strong><span style=\"font-size: 14pt;\">7<\/span><\/strong><\/td>\n<td style=\"width: 37.8524%; height: 24px;\"><img loading=\"lazy\" decoding=\"async\" class=\"alignnone wp-image-497 size-medium\" src=\"https:\/\/eglise-saint-clair.org\/wp-content\/uploads\/2022\/07\/07-Le-Chateau-dHerouville-300x198.jpg\" alt=\"Vue du ch\u00e2teau d'H\u00e9rouville vers 1905\" width=\"300\" height=\"198\" srcset=\"https:\/\/eglise-saint-clair.org\/wp-content\/uploads\/2022\/07\/07-Le-Chateau-dHerouville-300x198.jpg 300w, https:\/\/eglise-saint-clair.org\/wp-content\/uploads\/2022\/07\/07-Le-Chateau-dHerouville-1024x676.jpg 1024w, https:\/\/eglise-saint-clair.org\/wp-content\/uploads\/2022\/07\/07-Le-Chateau-dHerouville-768x507.jpg 768w, https:\/\/eglise-saint-clair.org\/wp-content\/uploads\/2022\/07\/07-Le-Chateau-dHerouville-1536x1013.jpg 1536w, https:\/\/eglise-saint-clair.org\/wp-content\/uploads\/2022\/07\/07-Le-Chateau-dHerouville-2048x1351.jpg 2048w, https:\/\/eglise-saint-clair.org\/wp-content\/uploads\/2022\/07\/07-Le-Chateau-dHerouville-1140x752.jpg 1140w, https:\/\/eglise-saint-clair.org\/wp-content\/uploads\/2022\/07\/07-Le-Chateau-dHerouville-500x330.jpg 500w\" sizes=\"auto, (max-width: 300px) 100vw, 300px\" \/><\/td>\n<td style=\"width: 56.8559%; height: 24px;\">Vue du ch\u00e2teau d&rsquo;H\u00e9rouville vers 1905<\/td>\n<\/tr>\n<tr style=\"height: 24px;\">\n<td style=\"width: 5.29159%; height: 24px;\"><strong><span style=\"font-size: 14pt;\">8<\/span><\/strong><\/td>\n<td style=\"width: 37.8524%; height: 24px;\"><img loading=\"lazy\" decoding=\"async\" class=\"alignnone wp-image-498 size-medium\" src=\"https:\/\/eglise-saint-clair.org\/wp-content\/uploads\/2022\/07\/08-Le-chateau-dHerouville-vers-1870-300x186.jpg\" alt=\"Le Ch\u00e2teau d'H\u00e9rouville vers 1870\" width=\"300\" height=\"186\" srcset=\"https:\/\/eglise-saint-clair.org\/wp-content\/uploads\/2022\/07\/08-Le-chateau-dHerouville-vers-1870-300x186.jpg 300w, https:\/\/eglise-saint-clair.org\/wp-content\/uploads\/2022\/07\/08-Le-chateau-dHerouville-vers-1870-1024x635.jpg 1024w, https:\/\/eglise-saint-clair.org\/wp-content\/uploads\/2022\/07\/08-Le-chateau-dHerouville-vers-1870-768x477.jpg 768w, https:\/\/eglise-saint-clair.org\/wp-content\/uploads\/2022\/07\/08-Le-chateau-dHerouville-vers-1870-1536x953.jpg 1536w, https:\/\/eglise-saint-clair.org\/wp-content\/uploads\/2022\/07\/08-Le-chateau-dHerouville-vers-1870-1140x707.jpg 1140w, https:\/\/eglise-saint-clair.org\/wp-content\/uploads\/2022\/07\/08-Le-chateau-dHerouville-vers-1870.jpg 1626w\" sizes=\"auto, (max-width: 300px) 100vw, 300px\" \/><\/td>\n<td style=\"width: 56.8559%; height: 24px;\">Le Ch\u00e2teau d&rsquo;H\u00e9rouville vers 1870. Carte postale in\u00e9dite ! C&rsquo;est la seule photo du ch\u00e2teau d&rsquo;H\u00e9rouville qui nous montre la partie centrale d\u00e9molie quelques ann\u00e9es apr\u00e8s.<\/td>\n<\/tr>\n<tr style=\"height: 24px;\">\n<td style=\"width: 5.29159%; height: 24px;\"><strong><span style=\"font-size: 14pt;\">9<\/span><\/strong><\/td>\n<td style=\"width: 37.8524%; height: 24px;\"><img loading=\"lazy\" decoding=\"async\" class=\"alignnone wp-image-499 size-medium\" src=\"https:\/\/eglise-saint-clair.org\/wp-content\/uploads\/2022\/07\/09-La-croix-rouge-187x300.jpg\" alt=\"La Croix rouge H\u00e9rouville en Vexin\" width=\"187\" height=\"300\" srcset=\"https:\/\/eglise-saint-clair.org\/wp-content\/uploads\/2022\/07\/09-La-croix-rouge-187x300.jpg 187w, https:\/\/eglise-saint-clair.org\/wp-content\/uploads\/2022\/07\/09-La-croix-rouge-640x1024.jpg 640w, https:\/\/eglise-saint-clair.org\/wp-content\/uploads\/2022\/07\/09-La-croix-rouge-768x1229.jpg 768w, https:\/\/eglise-saint-clair.org\/wp-content\/uploads\/2022\/07\/09-La-croix-rouge-960x1536.jpg 960w, https:\/\/eglise-saint-clair.org\/wp-content\/uploads\/2022\/07\/09-La-croix-rouge-1279x2048.jpg 1279w, https:\/\/eglise-saint-clair.org\/wp-content\/uploads\/2022\/07\/09-La-croix-rouge-1140x1825.jpg 1140w, https:\/\/eglise-saint-clair.org\/wp-content\/uploads\/2022\/07\/09-La-croix-rouge-scaled.jpg 1599w\" sizes=\"auto, (max-width: 187px) 100vw, 187px\" \/><\/td>\n<td style=\"width: 56.8559%; height: 24px;\">La Croix rouge<\/td>\n<\/tr>\n<tr style=\"height: 24px;\">\n<td style=\"width: 5.29159%; height: 24px;\"><strong><span style=\"font-size: 14pt;\">10<\/span><\/strong><\/td>\n<td style=\"width: 37.8524%; height: 24px;\"><img loading=\"lazy\" decoding=\"async\" class=\"alignnone wp-image-500 size-medium\" src=\"https:\/\/eglise-saint-clair.org\/wp-content\/uploads\/2022\/07\/10-Ancienne-ecole-300x199.jpg\" alt=\"L'ancienne \u00e9cole (1838 - 1928) H\u00e9rouville en Vexin\" width=\"300\" height=\"199\" srcset=\"https:\/\/eglise-saint-clair.org\/wp-content\/uploads\/2022\/07\/10-Ancienne-ecole-300x199.jpg 300w, https:\/\/eglise-saint-clair.org\/wp-content\/uploads\/2022\/07\/10-Ancienne-ecole-1024x678.jpg 1024w, https:\/\/eglise-saint-clair.org\/wp-content\/uploads\/2022\/07\/10-Ancienne-ecole-768x509.jpg 768w, https:\/\/eglise-saint-clair.org\/wp-content\/uploads\/2022\/07\/10-Ancienne-ecole-1536x1018.jpg 1536w, https:\/\/eglise-saint-clair.org\/wp-content\/uploads\/2022\/07\/10-Ancienne-ecole-2048x1357.jpg 2048w, https:\/\/eglise-saint-clair.org\/wp-content\/uploads\/2022\/07\/10-Ancienne-ecole-1140x755.jpg 1140w, https:\/\/eglise-saint-clair.org\/wp-content\/uploads\/2022\/07\/10-Ancienne-ecole-500x330.jpg 500w\" sizes=\"auto, (max-width: 300px) 100vw, 300px\" \/><\/td>\n<td style=\"width: 56.8559%; height: 24px;\">L&rsquo;ancienne \u00e9cole (1838 &#8211; 1928)<\/td>\n<\/tr>\n<tr style=\"height: 24px;\">\n<td style=\"width: 5.29159%; height: 24px;\"><strong><span style=\"font-size: 14pt;\">11<\/span><\/strong><\/td>\n<td style=\"width: 37.8524%; height: 24px;\"><img loading=\"lazy\" decoding=\"async\" class=\"alignnone wp-image-502 size-medium\" src=\"https:\/\/eglise-saint-clair.org\/wp-content\/uploads\/2022\/07\/11-Ancienne-ecole-300x196.jpg\" alt=\"L'ancienne \u00e9cole (1838 - 1928) H\u00e9rouville en Vexin\" width=\"300\" height=\"196\" srcset=\"https:\/\/eglise-saint-clair.org\/wp-content\/uploads\/2022\/07\/11-Ancienne-ecole-300x196.jpg 300w, https:\/\/eglise-saint-clair.org\/wp-content\/uploads\/2022\/07\/11-Ancienne-ecole-1024x670.jpg 1024w, https:\/\/eglise-saint-clair.org\/wp-content\/uploads\/2022\/07\/11-Ancienne-ecole-768x503.jpg 768w, https:\/\/eglise-saint-clair.org\/wp-content\/uploads\/2022\/07\/11-Ancienne-ecole-1536x1005.jpg 1536w, https:\/\/eglise-saint-clair.org\/wp-content\/uploads\/2022\/07\/11-Ancienne-ecole-2048x1341.jpg 2048w, https:\/\/eglise-saint-clair.org\/wp-content\/uploads\/2022\/07\/11-Ancienne-ecole-1140x746.jpg 1140w\" sizes=\"auto, (max-width: 300px) 100vw, 300px\" \/><\/td>\n<td style=\"width: 56.8559%; height: 24px;\">L&rsquo;ancienne \u00e9cole (1838 &#8211; 1928)<\/td>\n<\/tr>\n<tr style=\"height: 24px;\">\n<td style=\"width: 5.29159%; height: 24px;\"><strong><span style=\"font-size: 14pt;\">12<\/span><\/strong><\/td>\n<td style=\"width: 37.8524%; height: 24px;\"><img loading=\"lazy\" decoding=\"async\" class=\"alignnone wp-image-503 size-medium\" src=\"https:\/\/eglise-saint-clair.org\/wp-content\/uploads\/2022\/07\/12-Eglise-300x199.jpg\" alt=\"Eglise d'H\u00e9rouville vers 1918\" width=\"300\" height=\"199\" srcset=\"https:\/\/eglise-saint-clair.org\/wp-content\/uploads\/2022\/07\/12-Eglise-300x199.jpg 300w, https:\/\/eglise-saint-clair.org\/wp-content\/uploads\/2022\/07\/12-Eglise-1024x679.jpg 1024w, https:\/\/eglise-saint-clair.org\/wp-content\/uploads\/2022\/07\/12-Eglise-768x509.jpg 768w, https:\/\/eglise-saint-clair.org\/wp-content\/uploads\/2022\/07\/12-Eglise-1536x1018.jpg 1536w, https:\/\/eglise-saint-clair.org\/wp-content\/uploads\/2022\/07\/12-Eglise-2048x1358.jpg 2048w, https:\/\/eglise-saint-clair.org\/wp-content\/uploads\/2022\/07\/12-Eglise-1140x756.jpg 1140w, https:\/\/eglise-saint-clair.org\/wp-content\/uploads\/2022\/07\/12-Eglise-500x330.jpg 500w\" sizes=\"auto, (max-width: 300px) 100vw, 300px\" \/><\/td>\n<td style=\"width: 56.8559%; height: 24px;\">Eglise d&rsquo;H\u00e9rouville vers 1918<\/td>\n<\/tr>\n<tr style=\"height: 24px;\">\n<td style=\"width: 5.29159%; height: 24px;\"><strong><span style=\"font-size: 14pt;\">13<\/span><\/strong><\/td>\n<td style=\"width: 37.8524%; height: 24px;\"><img loading=\"lazy\" decoding=\"async\" class=\"alignnone wp-image-506 size-medium\" src=\"https:\/\/eglise-saint-clair.org\/wp-content\/uploads\/2022\/07\/13-Eglise-Herouville-2-300x195.jpg\" alt=\"Eglise d'H\u00e9rouville vers 1918\" width=\"300\" height=\"195\" srcset=\"https:\/\/eglise-saint-clair.org\/wp-content\/uploads\/2022\/07\/13-Eglise-Herouville-2-300x195.jpg 300w, https:\/\/eglise-saint-clair.org\/wp-content\/uploads\/2022\/07\/13-Eglise-Herouville-2-1024x665.jpg 1024w, https:\/\/eglise-saint-clair.org\/wp-content\/uploads\/2022\/07\/13-Eglise-Herouville-2-768x499.jpg 768w, https:\/\/eglise-saint-clair.org\/wp-content\/uploads\/2022\/07\/13-Eglise-Herouville-2-1536x998.jpg 1536w, https:\/\/eglise-saint-clair.org\/wp-content\/uploads\/2022\/07\/13-Eglise-Herouville-2-1140x740.jpg 1140w, https:\/\/eglise-saint-clair.org\/wp-content\/uploads\/2022\/07\/13-Eglise-Herouville-2.jpg 2000w\" sizes=\"auto, (max-width: 300px) 100vw, 300px\" \/><\/td>\n<td style=\"width: 56.8559%; height: 24px;\">L&rsquo;\u00e9glise d&rsquo;H\u00e9rouville<\/td>\n<\/tr>\n<tr style=\"height: 24px;\">\n<td style=\"width: 5.29159%; height: 24px;\"><strong><span style=\"font-size: 14pt;\">14<\/span><\/strong><\/td>\n<td style=\"width: 37.8524%; height: 24px;\"><img loading=\"lazy\" decoding=\"async\" class=\"alignnone wp-image-507 size-medium\" src=\"https:\/\/eglise-saint-clair.org\/wp-content\/uploads\/2022\/07\/14-Eglise-Herouville-199x300.jpg\" alt=\"Eglise d'H\u00e9rouville \" width=\"199\" height=\"300\" srcset=\"https:\/\/eglise-saint-clair.org\/wp-content\/uploads\/2022\/07\/14-Eglise-Herouville-199x300.jpg 199w, https:\/\/eglise-saint-clair.org\/wp-content\/uploads\/2022\/07\/14-Eglise-Herouville-680x1024.jpg 680w, https:\/\/eglise-saint-clair.org\/wp-content\/uploads\/2022\/07\/14-Eglise-Herouville-768x1156.jpg 768w, https:\/\/eglise-saint-clair.org\/wp-content\/uploads\/2022\/07\/14-Eglise-Herouville-1020x1536.jpg 1020w, https:\/\/eglise-saint-clair.org\/wp-content\/uploads\/2022\/07\/14-Eglise-Herouville-1360x2048.jpg 1360w, https:\/\/eglise-saint-clair.org\/wp-content\/uploads\/2022\/07\/14-Eglise-Herouville-1140x1716.jpg 1140w, https:\/\/eglise-saint-clair.org\/wp-content\/uploads\/2022\/07\/14-Eglise-Herouville-scaled.jpg 1700w\" sizes=\"auto, (max-width: 199px) 100vw, 199px\" \/><\/td>\n<td style=\"width: 56.8559%; height: 24px;\">L&rsquo;\u00e9glise d&rsquo;H\u00e9rouville<\/td>\n<\/tr>\n<tr style=\"height: 24px;\">\n<td style=\"width: 5.29159%; height: 24px;\"><strong><span style=\"font-size: 14pt;\">15<\/span><\/strong><\/td>\n<td style=\"width: 37.8524%; height: 24px;\"><img loading=\"lazy\" decoding=\"async\" class=\"alignnone wp-image-508 size-medium\" src=\"https:\/\/eglise-saint-clair.org\/wp-content\/uploads\/2022\/07\/15-Entree-Herouville-300x194.jpg\" alt=\"Entr\u00e9e d'H\u00e9rouville\" width=\"300\" height=\"194\" srcset=\"https:\/\/eglise-saint-clair.org\/wp-content\/uploads\/2022\/07\/15-Entree-Herouville-300x194.jpg 300w, https:\/\/eglise-saint-clair.org\/wp-content\/uploads\/2022\/07\/15-Entree-Herouville-1024x662.jpg 1024w, https:\/\/eglise-saint-clair.org\/wp-content\/uploads\/2022\/07\/15-Entree-Herouville-768x496.jpg 768w, https:\/\/eglise-saint-clair.org\/wp-content\/uploads\/2022\/07\/15-Entree-Herouville-1536x992.jpg 1536w, https:\/\/eglise-saint-clair.org\/wp-content\/uploads\/2022\/07\/15-Entree-Herouville-2048x1323.jpg 2048w, https:\/\/eglise-saint-clair.org\/wp-content\/uploads\/2022\/07\/15-Entree-Herouville-1140x737.jpg 1140w\" sizes=\"auto, (max-width: 300px) 100vw, 300px\" \/><\/td>\n<td style=\"width: 56.8559%; height: 24px;\">Entr\u00e9e d&rsquo;H\u00e9rouville<\/td>\n<\/tr>\n<tr style=\"height: 24px;\">\n<td style=\"width: 5.29159%; height: 24px;\"><strong><span style=\"font-size: 14pt;\">16<\/span><\/strong><\/td>\n<td style=\"width: 37.8524%; height: 24px;\"><img loading=\"lazy\" decoding=\"async\" class=\"alignnone wp-image-512 size-medium\" src=\"https:\/\/eglise-saint-clair.org\/wp-content\/uploads\/2022\/07\/16-Ferme-Bagnard-2-300x212.jpg\" alt=\"Ferme Bagnard H\u00e9rouville en Vexin\" width=\"300\" height=\"212\" srcset=\"https:\/\/eglise-saint-clair.org\/wp-content\/uploads\/2022\/07\/16-Ferme-Bagnard-2-300x212.jpg 300w, https:\/\/eglise-saint-clair.org\/wp-content\/uploads\/2022\/07\/16-Ferme-Bagnard-2-1024x722.jpg 1024w, https:\/\/eglise-saint-clair.org\/wp-content\/uploads\/2022\/07\/16-Ferme-Bagnard-2-768x541.jpg 768w, https:\/\/eglise-saint-clair.org\/wp-content\/uploads\/2022\/07\/16-Ferme-Bagnard-2-1536x1083.jpg 1536w, https:\/\/eglise-saint-clair.org\/wp-content\/uploads\/2022\/07\/16-Ferme-Bagnard-2-1140x804.jpg 1140w, https:\/\/eglise-saint-clair.org\/wp-content\/uploads\/2022\/07\/16-Ferme-Bagnard-2.jpg 2000w\" sizes=\"auto, (max-width: 300px) 100vw, 300px\" \/><\/td>\n<td style=\"width: 56.8559%; height: 24px;\">La ferme Bagnard<\/td>\n<\/tr>\n<tr style=\"height: 24px;\">\n<td style=\"width: 5.29159%; height: 24px;\"><strong><span style=\"font-size: 14pt;\">17<\/span><\/strong><\/td>\n<td style=\"width: 37.8524%; height: 24px;\"><img loading=\"lazy\" decoding=\"async\" class=\"alignnone wp-image-513 size-medium\" src=\"https:\/\/eglise-saint-clair.org\/wp-content\/uploads\/2022\/07\/17-Le-manoir-300x195.jpg\" alt=\"Le Manoir H\u00e9rouville en Vexin\" width=\"300\" height=\"195\" srcset=\"https:\/\/eglise-saint-clair.org\/wp-content\/uploads\/2022\/07\/17-Le-manoir-300x195.jpg 300w, https:\/\/eglise-saint-clair.org\/wp-content\/uploads\/2022\/07\/17-Le-manoir-1024x666.jpg 1024w, https:\/\/eglise-saint-clair.org\/wp-content\/uploads\/2022\/07\/17-Le-manoir-768x500.jpg 768w, https:\/\/eglise-saint-clair.org\/wp-content\/uploads\/2022\/07\/17-Le-manoir-1536x999.jpg 1536w, https:\/\/eglise-saint-clair.org\/wp-content\/uploads\/2022\/07\/17-Le-manoir-2048x1332.jpg 2048w, https:\/\/eglise-saint-clair.org\/wp-content\/uploads\/2022\/07\/17-Le-manoir-1140x742.jpg 1140w\" sizes=\"auto, (max-width: 300px) 100vw, 300px\" \/><\/td>\n<td style=\"width: 56.8559%; height: 24px;\">Le manoir<\/td>\n<\/tr>\n<tr style=\"height: 24px;\">\n<td style=\"width: 5.29159%; height: 24px;\"><strong><span style=\"font-size: 14pt;\">18<\/span><\/strong><\/td>\n<td style=\"width: 37.8524%; height: 24px;\"><img loading=\"lazy\" decoding=\"async\" class=\"alignnone wp-image-514 size-medium\" src=\"https:\/\/eglise-saint-clair.org\/wp-content\/uploads\/2022\/07\/18-la-mare-a-laver-300x195.jpg\" alt=\"La mare \u00e0 laver H\u00e9rouville en Vexin\" width=\"300\" height=\"195\" srcset=\"https:\/\/eglise-saint-clair.org\/wp-content\/uploads\/2022\/07\/18-la-mare-a-laver-300x195.jpg 300w, https:\/\/eglise-saint-clair.org\/wp-content\/uploads\/2022\/07\/18-la-mare-a-laver-1024x664.jpg 1024w, https:\/\/eglise-saint-clair.org\/wp-content\/uploads\/2022\/07\/18-la-mare-a-laver-768x498.jpg 768w, https:\/\/eglise-saint-clair.org\/wp-content\/uploads\/2022\/07\/18-la-mare-a-laver-1536x996.jpg 1536w, https:\/\/eglise-saint-clair.org\/wp-content\/uploads\/2022\/07\/18-la-mare-a-laver-2048x1329.jpg 2048w, https:\/\/eglise-saint-clair.org\/wp-content\/uploads\/2022\/07\/18-la-mare-a-laver-1140x740.jpg 1140w\" sizes=\"auto, (max-width: 300px) 100vw, 300px\" \/><\/td>\n<td style=\"width: 56.8559%; height: 24px;\">La mare \u00e0 laver<\/td>\n<\/tr>\n<tr style=\"height: 24px;\">\n<td style=\"width: 5.29159%; height: 24px;\"><strong><span style=\"font-size: 14pt;\">19<\/span><\/strong><\/td>\n<td style=\"width: 37.8524%; height: 24px;\"><img loading=\"lazy\" decoding=\"async\" class=\"alignnone wp-image-515 size-medium\" src=\"https:\/\/eglise-saint-clair.org\/wp-content\/uploads\/2022\/07\/19-la-mare-a-laver-300x197.jpg\" alt=\"La mare \u00e0 laver H\u00e9rouville en Vexin\" width=\"300\" height=\"197\" srcset=\"https:\/\/eglise-saint-clair.org\/wp-content\/uploads\/2022\/07\/19-la-mare-a-laver-300x197.jpg 300w, https:\/\/eglise-saint-clair.org\/wp-content\/uploads\/2022\/07\/19-la-mare-a-laver-1024x671.jpg 1024w, https:\/\/eglise-saint-clair.org\/wp-content\/uploads\/2022\/07\/19-la-mare-a-laver-768x503.jpg 768w, https:\/\/eglise-saint-clair.org\/wp-content\/uploads\/2022\/07\/19-la-mare-a-laver-1536x1006.jpg 1536w, https:\/\/eglise-saint-clair.org\/wp-content\/uploads\/2022\/07\/19-la-mare-a-laver-2048x1342.jpg 2048w, https:\/\/eglise-saint-clair.org\/wp-content\/uploads\/2022\/07\/19-la-mare-a-laver-1140x747.jpg 1140w, https:\/\/eglise-saint-clair.org\/wp-content\/uploads\/2022\/07\/19-la-mare-a-laver-500x330.jpg 500w\" sizes=\"auto, (max-width: 300px) 100vw, 300px\" \/><\/td>\n<td style=\"width: 56.8559%; height: 24px;\">La mare \u00e0 laver vers 1905<\/td>\n<\/tr>\n<tr style=\"height: 24px;\">\n<td style=\"width: 5.29159%; height: 24px;\"><strong><span style=\"font-size: 14pt;\">20<\/span><\/strong><\/td>\n<td style=\"width: 37.8524%; height: 24px;\"><img loading=\"lazy\" decoding=\"async\" class=\"alignnone wp-image-516 size-medium\" src=\"https:\/\/eglise-saint-clair.org\/wp-content\/uploads\/2022\/07\/20-Mare-a-Parrain-300x196.jpg\" alt=\"La mare \u00e0 Parrain H\u00e9rouville en Vexin\" width=\"300\" height=\"196\" srcset=\"https:\/\/eglise-saint-clair.org\/wp-content\/uploads\/2022\/07\/20-Mare-a-Parrain-300x196.jpg 300w, https:\/\/eglise-saint-clair.org\/wp-content\/uploads\/2022\/07\/20-Mare-a-Parrain-1024x667.jpg 1024w, https:\/\/eglise-saint-clair.org\/wp-content\/uploads\/2022\/07\/20-Mare-a-Parrain-768x501.jpg 768w, https:\/\/eglise-saint-clair.org\/wp-content\/uploads\/2022\/07\/20-Mare-a-Parrain-1536x1001.jpg 1536w, https:\/\/eglise-saint-clair.org\/wp-content\/uploads\/2022\/07\/20-Mare-a-Parrain-2048x1335.jpg 2048w, https:\/\/eglise-saint-clair.org\/wp-content\/uploads\/2022\/07\/20-Mare-a-Parrain-1140x743.jpg 1140w\" sizes=\"auto, (max-width: 300px) 100vw, 300px\" \/><\/td>\n<td style=\"width: 56.8559%; height: 24px;\">La mare \u00e0 Parrain (au croisement de la rue Bourgeoise et de la rue Moucette, combl\u00e9e dans les ann\u00e9es 60)<\/td>\n<\/tr>\n<tr style=\"height: 24px;\">\n<td style=\"width: 5.29159%; height: 24px;\"><strong><span style=\"font-size: 14pt;\">21<\/span><\/strong><\/td>\n<td style=\"width: 37.8524%; height: 24px;\"><img loading=\"lazy\" decoding=\"async\" class=\"alignnone wp-image-517 size-medium\" src=\"https:\/\/eglise-saint-clair.org\/wp-content\/uploads\/2022\/07\/21-Mare-a-Parrain-300x194.jpg\" alt=\"La mare \u00e0 Parrain H\u00e9rouville en Vexin\" width=\"300\" height=\"194\" srcset=\"https:\/\/eglise-saint-clair.org\/wp-content\/uploads\/2022\/07\/21-Mare-a-Parrain-300x194.jpg 300w, https:\/\/eglise-saint-clair.org\/wp-content\/uploads\/2022\/07\/21-Mare-a-Parrain-1024x663.jpg 1024w, https:\/\/eglise-saint-clair.org\/wp-content\/uploads\/2022\/07\/21-Mare-a-Parrain-768x497.jpg 768w, https:\/\/eglise-saint-clair.org\/wp-content\/uploads\/2022\/07\/21-Mare-a-Parrain-1536x995.jpg 1536w, https:\/\/eglise-saint-clair.org\/wp-content\/uploads\/2022\/07\/21-Mare-a-Parrain-2048x1326.jpg 2048w, https:\/\/eglise-saint-clair.org\/wp-content\/uploads\/2022\/07\/21-Mare-a-Parrain-1140x738.jpg 1140w\" sizes=\"auto, (max-width: 300px) 100vw, 300px\" \/><\/td>\n<td style=\"width: 56.8559%; height: 24px;\">La mare \u00e0 Parrain (au croisement de la rue Bourgeoise et de la rue Moucette, combl\u00e9e dans les ann\u00e9es 60)<\/td>\n<\/tr>\n<tr style=\"height: 24px;\">\n<td style=\"width: 5.29159%; height: 24px;\"><strong><span style=\"font-size: 14pt;\">22<\/span><\/strong><\/td>\n<td style=\"width: 37.8524%; height: 24px;\"><img loading=\"lazy\" decoding=\"async\" class=\"alignnone wp-image-518 size-medium\" src=\"https:\/\/eglise-saint-clair.org\/wp-content\/uploads\/2022\/07\/22-Mare-a-Parrain-300x196.jpg\" alt=\"La mare \u00e0 Parrain H\u00e9rouville en Vexin\" width=\"300\" height=\"196\" srcset=\"https:\/\/eglise-saint-clair.org\/wp-content\/uploads\/2022\/07\/22-Mare-a-Parrain-300x196.jpg 300w, https:\/\/eglise-saint-clair.org\/wp-content\/uploads\/2022\/07\/22-Mare-a-Parrain-1024x667.jpg 1024w, https:\/\/eglise-saint-clair.org\/wp-content\/uploads\/2022\/07\/22-Mare-a-Parrain-768x500.jpg 768w, https:\/\/eglise-saint-clair.org\/wp-content\/uploads\/2022\/07\/22-Mare-a-Parrain-1536x1001.jpg 1536w, https:\/\/eglise-saint-clair.org\/wp-content\/uploads\/2022\/07\/22-Mare-a-Parrain-2048x1335.jpg 2048w, https:\/\/eglise-saint-clair.org\/wp-content\/uploads\/2022\/07\/22-Mare-a-Parrain-1140x743.jpg 1140w\" sizes=\"auto, (max-width: 300px) 100vw, 300px\" \/><\/td>\n<td style=\"width: 56.8559%; height: 24px;\">La mare \u00e0 Parrain (au croisement de la rue Bourgeoise et de la rue Moucette, combl\u00e9e dans les ann\u00e9es 60)<\/td>\n<\/tr>\n<tr style=\"height: 24px;\">\n<td style=\"width: 5.29159%; height: 24px;\"><strong><span style=\"font-size: 14pt;\">23<\/span><\/strong><\/td>\n<td style=\"width: 37.8524%; height: 24px;\"><img loading=\"lazy\" decoding=\"async\" class=\"alignnone wp-image-519 size-medium\" src=\"https:\/\/eglise-saint-clair.org\/wp-content\/uploads\/2022\/07\/23-Rue-du-Poteau-300x195.jpg\" alt=\"Rue du Poteau H\u00e9rouville en Vexin\" width=\"300\" height=\"195\" srcset=\"https:\/\/eglise-saint-clair.org\/wp-content\/uploads\/2022\/07\/23-Rue-du-Poteau-300x195.jpg 300w, https:\/\/eglise-saint-clair.org\/wp-content\/uploads\/2022\/07\/23-Rue-du-Poteau-1024x666.jpg 1024w, https:\/\/eglise-saint-clair.org\/wp-content\/uploads\/2022\/07\/23-Rue-du-Poteau-768x499.jpg 768w, https:\/\/eglise-saint-clair.org\/wp-content\/uploads\/2022\/07\/23-Rue-du-Poteau-1536x999.jpg 1536w, https:\/\/eglise-saint-clair.org\/wp-content\/uploads\/2022\/07\/23-Rue-du-Poteau-2048x1331.jpg 2048w, https:\/\/eglise-saint-clair.org\/wp-content\/uploads\/2022\/07\/23-Rue-du-Poteau-1140x741.jpg 1140w\" sizes=\"auto, (max-width: 300px) 100vw, 300px\" \/><\/td>\n<td style=\"width: 56.8559%; height: 24px;\">Rue du Poteau<\/td>\n<\/tr>\n<tr style=\"height: 24px;\">\n<td style=\"width: 5.29159%; height: 24px;\"><strong><span style=\"font-size: 14pt;\">24<\/span><\/strong><\/td>\n<td style=\"width: 37.8524%; height: 24px;\"><img loading=\"lazy\" decoding=\"async\" class=\"alignnone wp-image-520 size-medium\" src=\"https:\/\/eglise-saint-clair.org\/wp-content\/uploads\/2022\/07\/24-Rue-Bourgeoise-300x193.jpg\" alt=\"Rue Bourgeoise H\u00e9rouville en Vexin\" width=\"300\" height=\"193\" srcset=\"https:\/\/eglise-saint-clair.org\/wp-content\/uploads\/2022\/07\/24-Rue-Bourgeoise-300x193.jpg 300w, https:\/\/eglise-saint-clair.org\/wp-content\/uploads\/2022\/07\/24-Rue-Bourgeoise-1024x658.jpg 1024w, https:\/\/eglise-saint-clair.org\/wp-content\/uploads\/2022\/07\/24-Rue-Bourgeoise-768x494.jpg 768w, https:\/\/eglise-saint-clair.org\/wp-content\/uploads\/2022\/07\/24-Rue-Bourgeoise-1536x988.jpg 1536w, https:\/\/eglise-saint-clair.org\/wp-content\/uploads\/2022\/07\/24-Rue-Bourgeoise-2048x1317.jpg 2048w, https:\/\/eglise-saint-clair.org\/wp-content\/uploads\/2022\/07\/24-Rue-Bourgeoise-1140x733.jpg 1140w\" sizes=\"auto, (max-width: 300px) 100vw, 300px\" \/><\/td>\n<td style=\"width: 56.8559%; height: 24px;\">Rue Bourgeoise vers 1936 (on y voit notamment l&rsquo;ancien puits)<\/td>\n<\/tr>\n<tr style=\"height: 24px;\">\n<td style=\"width: 5.29159%; height: 24px;\"><strong><span style=\"font-size: 14pt;\">25<\/span><\/strong><\/td>\n<td style=\"width: 37.8524%; height: 24px;\"><img loading=\"lazy\" decoding=\"async\" class=\"alignnone wp-image-521 size-medium\" src=\"https:\/\/eglise-saint-clair.org\/wp-content\/uploads\/2022\/07\/25-Rue-des-Fichets-300x195.jpg\" alt=\"Rue des fichets H\u00e9rouville en Vexin\" width=\"300\" height=\"195\" srcset=\"https:\/\/eglise-saint-clair.org\/wp-content\/uploads\/2022\/07\/25-Rue-des-Fichets-300x195.jpg 300w, https:\/\/eglise-saint-clair.org\/wp-content\/uploads\/2022\/07\/25-Rue-des-Fichets-1024x664.jpg 1024w, https:\/\/eglise-saint-clair.org\/wp-content\/uploads\/2022\/07\/25-Rue-des-Fichets-768x498.jpg 768w, https:\/\/eglise-saint-clair.org\/wp-content\/uploads\/2022\/07\/25-Rue-des-Fichets-1536x996.jpg 1536w, https:\/\/eglise-saint-clair.org\/wp-content\/uploads\/2022\/07\/25-Rue-des-Fichets-2048x1328.jpg 2048w, https:\/\/eglise-saint-clair.org\/wp-content\/uploads\/2022\/07\/25-Rue-des-Fichets-1140x739.jpg 1140w\" sizes=\"auto, (max-width: 300px) 100vw, 300px\" \/><\/td>\n<td style=\"width: 56.8559%; height: 24px;\">Rue des Fichets<\/td>\n<\/tr>\n<tr style=\"height: 24px;\">\n<td style=\"width: 5.29159%; height: 24px;\"><strong><span style=\"font-size: 14pt;\">26<\/span><\/strong><\/td>\n<td style=\"width: 37.8524%; height: 24px;\"><img loading=\"lazy\" decoding=\"async\" class=\"alignnone wp-image-522 size-medium\" src=\"https:\/\/eglise-saint-clair.org\/wp-content\/uploads\/2022\/07\/26-Rue-des-Fichets-300x198.jpg\" alt=\"Rue des fichets H\u00e9rouville en Vexin\" width=\"300\" height=\"198\" srcset=\"https:\/\/eglise-saint-clair.org\/wp-content\/uploads\/2022\/07\/26-Rue-des-Fichets-300x198.jpg 300w, https:\/\/eglise-saint-clair.org\/wp-content\/uploads\/2022\/07\/26-Rue-des-Fichets-1024x677.jpg 1024w, https:\/\/eglise-saint-clair.org\/wp-content\/uploads\/2022\/07\/26-Rue-des-Fichets-768x507.jpg 768w, https:\/\/eglise-saint-clair.org\/wp-content\/uploads\/2022\/07\/26-Rue-des-Fichets-1536x1015.jpg 1536w, https:\/\/eglise-saint-clair.org\/wp-content\/uploads\/2022\/07\/26-Rue-des-Fichets-2048x1353.jpg 2048w, https:\/\/eglise-saint-clair.org\/wp-content\/uploads\/2022\/07\/26-Rue-des-Fichets-1140x753.jpg 1140w, https:\/\/eglise-saint-clair.org\/wp-content\/uploads\/2022\/07\/26-Rue-des-Fichets-500x330.jpg 500w\" sizes=\"auto, (max-width: 300px) 100vw, 300px\" \/><\/td>\n<td style=\"width: 56.8559%; height: 24px;\">Rue des Fichets<\/td>\n<\/tr>\n<tr style=\"height: 24px;\">\n<td style=\"width: 5.29159%; height: 24px;\"><strong><span style=\"font-size: 14pt;\">27<\/span><\/strong><\/td>\n<td style=\"width: 37.8524%; height: 24px;\"><img loading=\"lazy\" decoding=\"async\" class=\"alignnone wp-image-523 size-medium\" src=\"https:\/\/eglise-saint-clair.org\/wp-content\/uploads\/2022\/07\/27-Rue-du-bout-den-bas-300x199.jpg\" alt=\"Rue du bout d'en bas H\u00e9rouville en Vexin\" width=\"300\" height=\"199\" srcset=\"https:\/\/eglise-saint-clair.org\/wp-content\/uploads\/2022\/07\/27-Rue-du-bout-den-bas-300x199.jpg 300w, https:\/\/eglise-saint-clair.org\/wp-content\/uploads\/2022\/07\/27-Rue-du-bout-den-bas-1024x678.jpg 1024w, https:\/\/eglise-saint-clair.org\/wp-content\/uploads\/2022\/07\/27-Rue-du-bout-den-bas-768x509.jpg 768w, https:\/\/eglise-saint-clair.org\/wp-content\/uploads\/2022\/07\/27-Rue-du-bout-den-bas-1536x1017.jpg 1536w, https:\/\/eglise-saint-clair.org\/wp-content\/uploads\/2022\/07\/27-Rue-du-bout-den-bas-2048x1356.jpg 2048w, https:\/\/eglise-saint-clair.org\/wp-content\/uploads\/2022\/07\/27-Rue-du-bout-den-bas-1140x755.jpg 1140w, https:\/\/eglise-saint-clair.org\/wp-content\/uploads\/2022\/07\/27-Rue-du-bout-den-bas-500x330.jpg 500w\" sizes=\"auto, (max-width: 300px) 100vw, 300px\" \/><\/td>\n<td style=\"width: 56.8559%; height: 24px;\">Rue du bout d&rsquo;en bas<\/td>\n<\/tr>\n<tr style=\"height: 24px;\">\n<td style=\"width: 5.29159%; height: 24px;\"><strong><span style=\"font-size: 14pt;\">28<\/span><\/strong><\/td>\n<td style=\"width: 37.8524%; height: 24px;\"><img loading=\"lazy\" decoding=\"async\" class=\"alignnone wp-image-524 size-medium\" src=\"https:\/\/eglise-saint-clair.org\/wp-content\/uploads\/2022\/07\/28-Cafe-Bureau-300x195.jpg\" alt=\"Le caf\u00e9 Bureau H\u00e9rouville en Vexin\" width=\"300\" height=\"195\" srcset=\"https:\/\/eglise-saint-clair.org\/wp-content\/uploads\/2022\/07\/28-Cafe-Bureau-300x195.jpg 300w, https:\/\/eglise-saint-clair.org\/wp-content\/uploads\/2022\/07\/28-Cafe-Bureau-1024x665.jpg 1024w, https:\/\/eglise-saint-clair.org\/wp-content\/uploads\/2022\/07\/28-Cafe-Bureau-768x499.jpg 768w, https:\/\/eglise-saint-clair.org\/wp-content\/uploads\/2022\/07\/28-Cafe-Bureau-1536x998.jpg 1536w, https:\/\/eglise-saint-clair.org\/wp-content\/uploads\/2022\/07\/28-Cafe-Bureau-2048x1330.jpg 2048w, https:\/\/eglise-saint-clair.org\/wp-content\/uploads\/2022\/07\/28-Cafe-Bureau-1140x740.jpg 1140w\" sizes=\"auto, (max-width: 300px) 100vw, 300px\" \/><\/td>\n<td style=\"width: 56.8559%; height: 24px;\">Le caf\u00e9 Bureau et la cabine t\u00e9l\u00e9phonique<\/td>\n<\/tr>\n<tr style=\"height: 24px;\">\n<td style=\"width: 5.29159%; height: 24px;\"><strong><span style=\"font-size: 14pt;\">29<\/span><\/strong><\/td>\n<td style=\"width: 37.8524%; height: 24px;\"><img loading=\"lazy\" decoding=\"async\" class=\"alignnone wp-image-525 size-medium\" src=\"https:\/\/eglise-saint-clair.org\/wp-content\/uploads\/2022\/07\/29-Route-dAuvers-300x194.jpg\" alt=\"Route d'Auvers H\u00e9rouville en Vexin\" width=\"300\" height=\"194\" srcset=\"https:\/\/eglise-saint-clair.org\/wp-content\/uploads\/2022\/07\/29-Route-dAuvers-300x194.jpg 300w, https:\/\/eglise-saint-clair.org\/wp-content\/uploads\/2022\/07\/29-Route-dAuvers-1024x661.jpg 1024w, https:\/\/eglise-saint-clair.org\/wp-content\/uploads\/2022\/07\/29-Route-dAuvers-768x496.jpg 768w, https:\/\/eglise-saint-clair.org\/wp-content\/uploads\/2022\/07\/29-Route-dAuvers-1536x991.jpg 1536w, https:\/\/eglise-saint-clair.org\/wp-content\/uploads\/2022\/07\/29-Route-dAuvers-2048x1321.jpg 2048w, https:\/\/eglise-saint-clair.org\/wp-content\/uploads\/2022\/07\/29-Route-dAuvers-1140x736.jpg 1140w\" sizes=\"auto, (max-width: 300px) 100vw, 300px\" \/><\/td>\n<td style=\"width: 56.8559%; height: 24px;\">Route d&rsquo;Auvers<\/td>\n<\/tr>\n<tr style=\"height: 24px;\">\n<td style=\"width: 5.29159%; height: 24px;\"><strong><span style=\"font-size: 14pt;\">30<\/span><\/strong><\/td>\n<td style=\"width: 37.8524%; height: 24px;\"><img loading=\"lazy\" decoding=\"async\" class=\"alignnone wp-image-526 size-medium\" src=\"https:\/\/eglise-saint-clair.org\/wp-content\/uploads\/2022\/07\/30-Cafe-Bureau-et-place-eglise-300x190.jpg\" alt=\"Le caf\u00e9 Bureau H\u00e9rouville en Vexin\" width=\"300\" height=\"190\" srcset=\"https:\/\/eglise-saint-clair.org\/wp-content\/uploads\/2022\/07\/30-Cafe-Bureau-et-place-eglise-300x190.jpg 300w, https:\/\/eglise-saint-clair.org\/wp-content\/uploads\/2022\/07\/30-Cafe-Bureau-et-place-eglise-1024x648.jpg 1024w, https:\/\/eglise-saint-clair.org\/wp-content\/uploads\/2022\/07\/30-Cafe-Bureau-et-place-eglise-768x486.jpg 768w, https:\/\/eglise-saint-clair.org\/wp-content\/uploads\/2022\/07\/30-Cafe-Bureau-et-place-eglise-1536x972.jpg 1536w, https:\/\/eglise-saint-clair.org\/wp-content\/uploads\/2022\/07\/30-Cafe-Bureau-et-place-eglise-2048x1296.jpg 2048w, https:\/\/eglise-saint-clair.org\/wp-content\/uploads\/2022\/07\/30-Cafe-Bureau-et-place-eglise-1140x722.jpg 1140w\" sizes=\"auto, (max-width: 300px) 100vw, 300px\" \/><\/td>\n<td style=\"width: 56.8559%; height: 24px;\">Le caf\u00e9 Bureau et vue sur la place avec l&rsquo;ancienne \u00e9cole<\/td>\n<\/tr>\n<tr style=\"height: 24px;\">\n<td style=\"width: 5.29159%; height: 24px;\"><span style=\"font-size: 14pt;\"><strong>31<\/strong><\/span><\/td>\n<td style=\"width: 37.8524%; height: 24px;\"><img loading=\"lazy\" decoding=\"async\" class=\"alignnone wp-image-532 size-medium\" src=\"https:\/\/eglise-saint-clair.org\/wp-content\/uploads\/2022\/07\/31-Vitrail-de-St-Clair-1-181x300.jpg\" alt=\"Vitrail l\u00e9gendaire de la vie de St Clair H\u00e9rouville en Vexin\" width=\"181\" height=\"300\" srcset=\"https:\/\/eglise-saint-clair.org\/wp-content\/uploads\/2022\/07\/31-Vitrail-de-St-Clair-1-181x300.jpg 181w, https:\/\/eglise-saint-clair.org\/wp-content\/uploads\/2022\/07\/31-Vitrail-de-St-Clair-1-618x1024.jpg 618w, https:\/\/eglise-saint-clair.org\/wp-content\/uploads\/2022\/07\/31-Vitrail-de-St-Clair-1-768x1273.jpg 768w, https:\/\/eglise-saint-clair.org\/wp-content\/uploads\/2022\/07\/31-Vitrail-de-St-Clair-1-927x1536.jpg 927w, https:\/\/eglise-saint-clair.org\/wp-content\/uploads\/2022\/07\/31-Vitrail-de-St-Clair-1-1236x2048.jpg 1236w, https:\/\/eglise-saint-clair.org\/wp-content\/uploads\/2022\/07\/31-Vitrail-de-St-Clair-1-1140x1889.jpg 1140w, https:\/\/eglise-saint-clair.org\/wp-content\/uploads\/2022\/07\/31-Vitrail-de-St-Clair-1-scaled.jpg 1545w\" sizes=\"auto, (max-width: 181px) 100vw, 181px\" \/><\/td>\n<td style=\"width: 56.8559%; height: 24px;\">Vitrail l\u00e9gendaire de la vie de Saint Clair<\/td>\n<\/tr>\n<\/tbody>\n<\/table>\n<p>&nbsp;<\/p>\n","protected":false},"excerpt":{"rendered":"<p>L&rsquo;Association a r\u00e9\u00e9dit\u00e9 des cartes postales anciennes de l&rsquo;\u00e9glise et du village d&rsquo;H\u00e9rouville-en-Vexin. Elles sont disponibles sur rendez-vous en nous envoyant un mail ou par t\u00e9l\u00e9phone 06 63 12 41 61 (1.00\u20ac chaque vendues au profit de la restauration de l&rsquo;\u00e9glise, frais d&rsquo;envoi \u00e9ventuels en suppl\u00e9ment). Vous pouvez \u00e9galement les commander en ligne (en cliquant ici gr\u00e2ce \u00e0 notre partenaire HelloAsso. Bien s\u00fbr, les \u00ab\u00a0tags\u00a0\u00bb rouges avec l&rsquo;adresse du site de l&rsquo;Association ne figurent pas sur les cartes postales ! 1 Le caf\u00e9 Simard et la forge vers 1912 2 Le caf\u00e9 Simard et la forge 3 Les champs autour d&rsquo;H\u00e9rouville-en-Vexin 4 La ferme Bagnard vers 1907 5 Le ch\u00e2teau d&rsquo;H\u00e9rouville (aile nord) 6 Le ch\u00e2teau d&rsquo;H\u00e9rouville 7 Vue du ch\u00e2teau d&rsquo;H\u00e9rouville vers 1905 8 Le Ch\u00e2teau d&rsquo;H\u00e9rouville vers 1870. Carte postale in\u00e9dite ! C&rsquo;est la seule photo du ch\u00e2teau d&rsquo;H\u00e9rouville qui nous montre la partie centrale d\u00e9molie quelques ann\u00e9es apr\u00e8s. 9 La Croix rouge 10 L&rsquo;ancienne \u00e9cole (1838 &#8211; 1928) 11 L&rsquo;ancienne \u00e9cole (1838 &#8211; 1928) 12 Eglise d&rsquo;H\u00e9rouville vers 1918 13 L&rsquo;\u00e9glise d&rsquo;H\u00e9rouville 14 L&rsquo;\u00e9glise d&rsquo;H\u00e9rouville 15 Entr\u00e9e d&rsquo;H\u00e9rouville 16 La ferme Bagnard 17 Le manoir 18 La mare \u00e0 laver 19 La mare \u00e0 laver vers 1905 20 La mare \u00e0 Parrain (au croisement de la rue Bourgeoise et de la rue Moucette, combl\u00e9e dans les ann\u00e9es 60) 21 La mare \u00e0 Parrain (au croisement de la rue Bourgeoise et de la rue Moucette, combl\u00e9e dans les ann\u00e9es 60) 22 La mare \u00e0 Parrain (au croisement de la rue Bourgeoise et de la rue Moucette, combl\u00e9e dans les ann\u00e9es 60) 23 Rue du Poteau 24 Rue Bourgeoise vers 1936 (on y voit notamment l&rsquo;ancien puits) 25 Rue des Fichets 26 Rue des Fichets 27 Rue du bout d&rsquo;en bas 28 Le caf\u00e9 Bureau et la cabine t\u00e9l\u00e9phonique 29 Route d&rsquo;Auvers 30 Le caf\u00e9 Bureau et vue sur la place avec l&rsquo;ancienne \u00e9cole 31 Vitrail l\u00e9gendaire de la vie de Saint Clair &nbsp;<\/p>\n","protected":false},"author":1,"featured_media":0,"parent":0,"menu_order":0,"comment_status":"closed","ping_status":"closed","template":"","meta":{"footnotes":""},"class_list":["post-486","page","type-page","status-publish","hentry"],"yoast_head":"<!-- This site is optimized with the Yoast SEO plugin v19.3 - https:\/\/yoast.com\/wordpress\/plugins\/seo\/ -->\n<title>Cartes postales &lt;<\/title>\n<meta name=\"robots\" content=\"index, follow, max-snippet:-1, max-image-preview:large, max-video-preview:-1\" \/>\n<link rel=\"canonical\" href=\"https:\/\/eglise-saint-clair.org\/?page_id=486\" \/>\n<meta property=\"og:locale\" content=\"fr_FR\" \/>\n<meta property=\"og:type\" content=\"article\" \/>\n<meta property=\"og:title\" content=\"Cartes postales &lt;\" \/>\n<meta property=\"og:description\" content=\"L&rsquo;Association a r\u00e9\u00e9dit\u00e9 des cartes postales anciennes de l&rsquo;\u00e9glise et du village d&rsquo;H\u00e9rouville-en-Vexin. Elles sont disponibles sur rendez-vous en nous envoyant un mail ou par t\u00e9l\u00e9phone 06 63 12 41 61 (1.00\u20ac chaque vendues au profit de la restauration de l&rsquo;\u00e9glise, frais d&rsquo;envoi \u00e9ventuels en suppl\u00e9ment). Vous pouvez \u00e9galement les commander en ligne (en cliquant ici gr\u00e2ce \u00e0 notre partenaire HelloAsso. Bien s\u00fbr, les \u00ab\u00a0tags\u00a0\u00bb rouges avec l&rsquo;adresse du site de l&rsquo;Association ne figurent pas sur les cartes postales ! 1 Le caf\u00e9 Simard et la forge vers 1912 2 Le caf\u00e9 Simard et la forge 3 Les champs autour d&rsquo;H\u00e9rouville-en-Vexin 4 La ferme Bagnard vers 1907 5 Le ch\u00e2teau d&rsquo;H\u00e9rouville (aile nord) 6 Le ch\u00e2teau d&rsquo;H\u00e9rouville 7 Vue du ch\u00e2teau d&rsquo;H\u00e9rouville vers 1905 8 Le Ch\u00e2teau d&rsquo;H\u00e9rouville vers 1870. Carte postale in\u00e9dite ! C&rsquo;est la seule photo du ch\u00e2teau d&rsquo;H\u00e9rouville qui nous montre la partie centrale d\u00e9molie quelques ann\u00e9es apr\u00e8s. 9 La Croix rouge 10 L&rsquo;ancienne \u00e9cole (1838 &#8211; 1928) 11 L&rsquo;ancienne \u00e9cole (1838 &#8211; 1928) 12 Eglise d&rsquo;H\u00e9rouville vers 1918 13 L&rsquo;\u00e9glise d&rsquo;H\u00e9rouville 14 L&rsquo;\u00e9glise d&rsquo;H\u00e9rouville 15 Entr\u00e9e d&rsquo;H\u00e9rouville 16 La ferme Bagnard 17 Le manoir 18 La mare \u00e0 laver 19 La mare \u00e0 laver vers 1905 20 La mare \u00e0 Parrain (au croisement de la rue Bourgeoise et de la rue Moucette, combl\u00e9e dans les ann\u00e9es 60) 21 La mare \u00e0 Parrain (au croisement de la rue Bourgeoise et de la rue Moucette, combl\u00e9e dans les ann\u00e9es 60) 22 La mare \u00e0 Parrain (au croisement de la rue Bourgeoise et de la rue Moucette, combl\u00e9e dans les ann\u00e9es 60) 23 Rue du Poteau 24 Rue Bourgeoise vers 1936 (on y voit notamment l&rsquo;ancien puits) 25 Rue des Fichets 26 Rue des Fichets 27 Rue du bout d&rsquo;en bas 28 Le caf\u00e9 Bureau et la cabine t\u00e9l\u00e9phonique 29 Route d&rsquo;Auvers 30 Le caf\u00e9 Bureau et vue sur la place avec l&rsquo;ancienne \u00e9cole 31 Vitrail l\u00e9gendaire de la vie de Saint Clair &nbsp;\" \/>\n<meta property=\"og:url\" content=\"https:\/\/eglise-saint-clair.org\/?page_id=486\" \/>\n<meta property=\"article:modified_time\" content=\"2022-09-23T09:41:32+00:00\" \/>\n<meta property=\"og:image\" content=\"https:\/\/eglise-saint-clair.org\/wp-content\/uploads\/2022\/07\/01-cafe-Simard-et-forge-300x196.jpg\" \/>\n<meta name=\"twitter:card\" content=\"summary_large_image\" \/>\n<meta name=\"twitter:label1\" content=\"Dur\u00e9e de lecture estim\u00e9e\" \/>\n\t<meta name=\"twitter:data1\" content=\"8 minutes\" \/>\n<script type=\"application\/ld+json\" class=\"yoast-schema-graph\">{\"@context\":\"https:\/\/schema.org\",\"@graph\":[{\"@type\":\"Organization\",\"@id\":\"https:\/\/eglise-saint-clair.org\/#organization\",\"name\":\"Association de Sauvegarde de l'\u00e9glise Saint clair d'H\u00e9rouville-en-Vexin\",\"url\":\"https:\/\/eglise-saint-clair.org\/\",\"sameAs\":[],\"logo\":{\"@type\":\"ImageObject\",\"inLanguage\":\"fr-FR\",\"@id\":\"https:\/\/eglise-saint-clair.org\/#\/schema\/logo\/image\/\",\"url\":\"https:\/\/eglise-saint-clair.org\/wp-content\/uploads\/2018\/09\/Logo-Association-Eglise.gif\",\"contentUrl\":\"https:\/\/eglise-saint-clair.org\/wp-content\/uploads\/2018\/09\/Logo-Association-Eglise.gif\",\"width\":392,\"height\":598,\"caption\":\"Association de Sauvegarde de l'\u00e9glise Saint clair d'H\u00e9rouville-en-Vexin\"},\"image\":{\"@id\":\"https:\/\/eglise-saint-clair.org\/#\/schema\/logo\/image\/\"}},{\"@type\":\"WebSite\",\"@id\":\"https:\/\/eglise-saint-clair.org\/#website\",\"url\":\"https:\/\/eglise-saint-clair.org\/\",\"name\":\"Association de Sauvegarde de l'Eglise d'HEROUVILLE EN VEXIN\",\"description\":\"Apportez votre pierre !\",\"publisher\":{\"@id\":\"https:\/\/eglise-saint-clair.org\/#organization\"},\"potentialAction\":[{\"@type\":\"SearchAction\",\"target\":{\"@type\":\"EntryPoint\",\"urlTemplate\":\"https:\/\/eglise-saint-clair.org\/?s={search_term_string}\"},\"query-input\":\"required name=search_term_string\"}],\"inLanguage\":\"fr-FR\"},{\"@type\":\"ImageObject\",\"inLanguage\":\"fr-FR\",\"@id\":\"https:\/\/eglise-saint-clair.org\/?page_id=486#primaryimage\",\"url\":\"https:\/\/eglise-saint-clair.org\/wp-content\/uploads\/2022\/07\/01-cafe-Simard-et-forge-scaled.jpg\",\"contentUrl\":\"https:\/\/eglise-saint-clair.org\/wp-content\/uploads\/2022\/07\/01-cafe-Simard-et-forge-scaled.jpg\",\"width\":2560,\"height\":1674},{\"@type\":\"WebPage\",\"@id\":\"https:\/\/eglise-saint-clair.org\/?page_id=486\",\"url\":\"https:\/\/eglise-saint-clair.org\/?page_id=486\",\"name\":\"Cartes postales &lt;\",\"isPartOf\":{\"@id\":\"https:\/\/eglise-saint-clair.org\/#website\"},\"primaryImageOfPage\":{\"@id\":\"https:\/\/eglise-saint-clair.org\/?page_id=486#primaryimage\"},\"datePublished\":\"2022-07-17T07:20:10+00:00\",\"dateModified\":\"2022-09-23T09:41:32+00:00\",\"breadcrumb\":{\"@id\":\"https:\/\/eglise-saint-clair.org\/?page_id=486#breadcrumb\"},\"inLanguage\":\"fr-FR\",\"potentialAction\":[{\"@type\":\"ReadAction\",\"target\":[\"https:\/\/eglise-saint-clair.org\/?page_id=486\"]}]},{\"@type\":\"BreadcrumbList\",\"@id\":\"https:\/\/eglise-saint-clair.org\/?page_id=486#breadcrumb\",\"itemListElement\":[{\"@type\":\"ListItem\",\"position\":1,\"name\":\"Accueil\",\"item\":\"https:\/\/eglise-saint-clair.org\/\"},{\"@type\":\"ListItem\",\"position\":2,\"name\":\"Cartes postales\"}]}]}<\/script>\n<!-- \/ Yoast SEO plugin. -->","yoast_head_json":{"title":"Cartes postales &lt;","robots":{"index":"index","follow":"follow","max-snippet":"max-snippet:-1","max-image-preview":"max-image-preview:large","max-video-preview":"max-video-preview:-1"},"canonical":"https:\/\/eglise-saint-clair.org\/?page_id=486","og_locale":"fr_FR","og_type":"article","og_title":"Cartes postales &lt;","og_description":"L&rsquo;Association a r\u00e9\u00e9dit\u00e9 des cartes postales anciennes de l&rsquo;\u00e9glise et du village d&rsquo;H\u00e9rouville-en-Vexin. Elles sont disponibles sur rendez-vous en nous envoyant un mail ou par t\u00e9l\u00e9phone 06 63 12 41 61 (1.00\u20ac chaque vendues au profit de la restauration de l&rsquo;\u00e9glise, frais d&rsquo;envoi \u00e9ventuels en suppl\u00e9ment). Vous pouvez \u00e9galement les commander en ligne (en cliquant ici gr\u00e2ce \u00e0 notre partenaire HelloAsso. Bien s\u00fbr, les \u00ab\u00a0tags\u00a0\u00bb rouges avec l&rsquo;adresse du site de l&rsquo;Association ne figurent pas sur les cartes postales ! 1 Le caf\u00e9 Simard et la forge vers 1912 2 Le caf\u00e9 Simard et la forge 3 Les champs autour d&rsquo;H\u00e9rouville-en-Vexin 4 La ferme Bagnard vers 1907 5 Le ch\u00e2teau d&rsquo;H\u00e9rouville (aile nord) 6 Le ch\u00e2teau d&rsquo;H\u00e9rouville 7 Vue du ch\u00e2teau d&rsquo;H\u00e9rouville vers 1905 8 Le Ch\u00e2teau d&rsquo;H\u00e9rouville vers 1870. Carte postale in\u00e9dite ! C&rsquo;est la seule photo du ch\u00e2teau d&rsquo;H\u00e9rouville qui nous montre la partie centrale d\u00e9molie quelques ann\u00e9es apr\u00e8s. 9 La Croix rouge 10 L&rsquo;ancienne \u00e9cole (1838 &#8211; 1928) 11 L&rsquo;ancienne \u00e9cole (1838 &#8211; 1928) 12 Eglise d&rsquo;H\u00e9rouville vers 1918 13 L&rsquo;\u00e9glise d&rsquo;H\u00e9rouville 14 L&rsquo;\u00e9glise d&rsquo;H\u00e9rouville 15 Entr\u00e9e d&rsquo;H\u00e9rouville 16 La ferme Bagnard 17 Le manoir 18 La mare \u00e0 laver 19 La mare \u00e0 laver vers 1905 20 La mare \u00e0 Parrain (au croisement de la rue Bourgeoise et de la rue Moucette, combl\u00e9e dans les ann\u00e9es 60) 21 La mare \u00e0 Parrain (au croisement de la rue Bourgeoise et de la rue Moucette, combl\u00e9e dans les ann\u00e9es 60) 22 La mare \u00e0 Parrain (au croisement de la rue Bourgeoise et de la rue Moucette, combl\u00e9e dans les ann\u00e9es 60) 23 Rue du Poteau 24 Rue Bourgeoise vers 1936 (on y voit notamment l&rsquo;ancien puits) 25 Rue des Fichets 26 Rue des Fichets 27 Rue du bout d&rsquo;en bas 28 Le caf\u00e9 Bureau et la cabine t\u00e9l\u00e9phonique 29 Route d&rsquo;Auvers 30 Le caf\u00e9 Bureau et vue sur la place avec l&rsquo;ancienne \u00e9cole 31 Vitrail l\u00e9gendaire de la vie de Saint Clair &nbsp;","og_url":"https:\/\/eglise-saint-clair.org\/?page_id=486","article_modified_time":"2022-09-23T09:41:32+00:00","og_image":[{"url":"https:\/\/eglise-saint-clair.org\/wp-content\/uploads\/2022\/07\/01-cafe-Simard-et-forge-300x196.jpg"}],"twitter_card":"summary_large_image","twitter_misc":{"Dur\u00e9e de lecture estim\u00e9e":"8 minutes"},"schema":{"@context":"https:\/\/schema.org","@graph":[{"@type":"Organization","@id":"https:\/\/eglise-saint-clair.org\/#organization","name":"Association de Sauvegarde de l'\u00e9glise Saint clair d'H\u00e9rouville-en-Vexin","url":"https:\/\/eglise-saint-clair.org\/","sameAs":[],"logo":{"@type":"ImageObject","inLanguage":"fr-FR","@id":"https:\/\/eglise-saint-clair.org\/#\/schema\/logo\/image\/","url":"https:\/\/eglise-saint-clair.org\/wp-content\/uploads\/2018\/09\/Logo-Association-Eglise.gif","contentUrl":"https:\/\/eglise-saint-clair.org\/wp-content\/uploads\/2018\/09\/Logo-Association-Eglise.gif","width":392,"height":598,"caption":"Association de Sauvegarde de l'\u00e9glise Saint clair d'H\u00e9rouville-en-Vexin"},"image":{"@id":"https:\/\/eglise-saint-clair.org\/#\/schema\/logo\/image\/"}},{"@type":"WebSite","@id":"https:\/\/eglise-saint-clair.org\/#website","url":"https:\/\/eglise-saint-clair.org\/","name":"Association de Sauvegarde de l'Eglise d'HEROUVILLE EN VEXIN","description":"Apportez votre pierre !","publisher":{"@id":"https:\/\/eglise-saint-clair.org\/#organization"},"potentialAction":[{"@type":"SearchAction","target":{"@type":"EntryPoint","urlTemplate":"https:\/\/eglise-saint-clair.org\/?s={search_term_string}"},"query-input":"required name=search_term_string"}],"inLanguage":"fr-FR"},{"@type":"ImageObject","inLanguage":"fr-FR","@id":"https:\/\/eglise-saint-clair.org\/?page_id=486#primaryimage","url":"https:\/\/eglise-saint-clair.org\/wp-content\/uploads\/2022\/07\/01-cafe-Simard-et-forge-scaled.jpg","contentUrl":"https:\/\/eglise-saint-clair.org\/wp-content\/uploads\/2022\/07\/01-cafe-Simard-et-forge-scaled.jpg","width":2560,"height":1674},{"@type":"WebPage","@id":"https:\/\/eglise-saint-clair.org\/?page_id=486","url":"https:\/\/eglise-saint-clair.org\/?page_id=486","name":"Cartes postales &lt;","isPartOf":{"@id":"https:\/\/eglise-saint-clair.org\/#website"},"primaryImageOfPage":{"@id":"https:\/\/eglise-saint-clair.org\/?page_id=486#primaryimage"},"datePublished":"2022-07-17T07:20:10+00:00","dateModified":"2022-09-23T09:41:32+00:00","breadcrumb":{"@id":"https:\/\/eglise-saint-clair.org\/?page_id=486#breadcrumb"},"inLanguage":"fr-FR","potentialAction":[{"@type":"ReadAction","target":["https:\/\/eglise-saint-clair.org\/?page_id=486"]}]},{"@type":"BreadcrumbList","@id":"https:\/\/eglise-saint-clair.org\/?page_id=486#breadcrumb","itemListElement":[{"@type":"ListItem","position":1,"name":"Accueil","item":"https:\/\/eglise-saint-clair.org\/"},{"@type":"ListItem","position":2,"name":"Cartes postales"}]}]}},"_links":{"self":[{"href":"https:\/\/eglise-saint-clair.org\/index.php?rest_route=\/wp\/v2\/pages\/486","targetHints":{"allow":["GET"]}}],"collection":[{"href":"https:\/\/eglise-saint-clair.org\/index.php?rest_route=\/wp\/v2\/pages"}],"about":[{"href":"https:\/\/eglise-saint-clair.org\/index.php?rest_route=\/wp\/v2\/types\/page"}],"author":[{"embeddable":true,"href":"https:\/\/eglise-saint-clair.org\/index.php?rest_route=\/wp\/v2\/users\/1"}],"replies":[{"embeddable":true,"href":"https:\/\/eglise-saint-clair.org\/index.php?rest_route=%2Fwp%2Fv2%2Fcomments&post=486"}],"version-history":[{"count":22,"href":"https:\/\/eglise-saint-clair.org\/index.php?rest_route=\/wp\/v2\/pages\/486\/revisions"}],"predecessor-version":[{"id":559,"href":"https:\/\/eglise-saint-clair.org\/index.php?rest_route=\/wp\/v2\/pages\/486\/revisions\/559"}],"wp:attachment":[{"href":"https:\/\/eglise-saint-clair.org\/index.php?rest_route=%2Fwp%2Fv2%2Fmedia&parent=486"}],"curies":[{"name":"wp","href":"https:\/\/api.w.org\/{rel}","templated":true}]}}