{"id":63,"date":"2018-08-14T19:35:34","date_gmt":"2018-08-14T17:35:34","guid":{"rendered":"http:\/\/eglise-saint-clair.org\/?page_id=63"},"modified":"2025-12-26T11:39:51","modified_gmt":"2025-12-26T10:39:51","slug":"bienvenue","status":"publish","type":"page","link":"https:\/\/eglise-saint-clair.org\/","title":{"rendered":"Bienvenue !"},"content":{"rendered":"<p><\/p>\r\n<p style=\"text-align: center;\"><span style=\"font-size: 24pt;\"><strong>Notre \u00e9glise, t\u00e9moin de 9 si\u00e8cles d&rsquo;histoire au milieu du village vous tient \u00e0 coeur ?<br \/>Nous aussi !<br \/><\/strong><\/span><\/p>\r\n<p>&nbsp;<\/p>\r\n<p style=\"text-align: center;\"><span style=\"font-size: 24pt;\"><strong>Demandez les cartes postales !<\/strong><\/span><\/p>\r\n<p><span style=\"font-size: 14pt;\">D\u00e9voil\u00e9es lors des journ\u00e9es du Patrimoine 2023, les cartes postales de l&rsquo;\u00e9glise, du village et du ch\u00e2teau d&rsquo;H\u00e9rouville ont \u00e9t\u00e9 r\u00e9\u00e9dit\u00e9es par l&rsquo;Association. Il y en a 31 diff\u00e9rentes, dont deux in\u00e9dites : une repr\u00e9sente le vitrail l\u00e9gendaire de la vie de Saint Clair, l&rsquo;autre une photo in\u00e9dite du ch\u00e2teau d&rsquo;H\u00e9rouville vers 1870. C&rsquo;est la seule que nous ayons o\u00f9 la partie centrale est encore visible avant qu&rsquo;elle ne soit d\u00e9molie.<\/span><\/p>\r\n<p style=\"text-align: center;\"><span style=\"color: #0000ff;\"><a style=\"color: #0000ff;\" href=\"https:\/\/eglise-saint-clair.org\/?page_id=486\"><span style=\"font-size: 18pt;\"><strong>Les cartes postales sont ici !<\/strong><\/span><\/a><\/span><\/p>\r\n<p>Comment vous les procurer ?<\/p>\r\n<ul>\r\n<li>Si vous habitez H\u00e9rouville-en-Vexin ou vous avez l&rsquo;occasion de passer, <span style=\"color: #0000ff;\"><a style=\"color: #0000ff;\" href=\"https:\/\/eglise-saint-clair.org\/?page_id=107\">prenez contact auparavant<\/a><\/span>. Vous n&rsquo;aurez aucun frais d&rsquo;envoi.<\/li>\r\n<li>Sinon, vous pouvez les <span style=\"color: #0000ff;\"><a style=\"color: #0000ff;\" href=\"https:\/\/www.helloasso.com\/associations\/association-de-sauvegarde-de-l-eglise-saint-clair-d-herouville-en-vexin\/boutiques\/cartes-postales-timbres\" target=\"_blank\" rel=\"noopener\">commander en ligne via notre partenaire HelloAsso<\/a>.<\/span><\/li>\r\n<\/ul>\r\n<p style=\"text-align: center;\"><span style=\"font-size: 36pt;\">Il est sorti !<\/span><\/p>\r\n<p><img loading=\"lazy\" decoding=\"async\" class=\"size-medium wp-image-385 alignright\" style=\"text-align: center;\" src=\"https:\/\/eglise-saint-clair.org\/wp-content\/uploads\/2021\/04\/flyer-Josephine-petit-294x300.jpg\" alt=\"\" width=\"294\" height=\"300\" srcset=\"https:\/\/eglise-saint-clair.org\/wp-content\/uploads\/2021\/04\/flyer-Josephine-petit-294x300.jpg 294w, https:\/\/eglise-saint-clair.org\/wp-content\/uploads\/2021\/04\/flyer-Josephine-petit.jpg 693w\" sizes=\"auto, (max-width: 294px) 100vw, 294px\" \/><\/p>\r\n<p style=\"text-align: center;\">\u00a0<\/p>\r\n<p style=\"text-align: center;\">Le livre \u00e9crit par Jean-Marie PIERRAT :<br \/><br \/><span style=\"font-size: 24pt; color: #0000ff;\"><span style=\"font-size: 14pt;\">Jos\u00e9phine Brochard-Artoux et<\/span><br \/><\/span><span style=\"color: #0000ff;\"><strong><span style=\"font-size: 24pt;\">la vie \u00e0 H\u00e9rouville au XIX<sup>e<\/sup> si\u00e8cle<br \/>est d\u00e9sormais r\u00e9\u00e9dit\u00e9 !<\/span><\/strong><\/span><\/p>\r\n<p style=\"text-align: left;\"><br \/><span style=\"font-size: 14pt;\">O<\/span><span style=\"font-size: 14pt;\">ubliez tout ce que vous connaissez de la vie h\u00e9rouvilloise : bienvenue dans l\u2019univers du XIX<sup>e<\/sup> si\u00e8cle !<\/span><\/p>\r\n<p><span style=\"font-size: 14pt;\">Partant d\u2019une H\u00e9rouvilloise \u00e0 la fois ordinaire et extra-ordinaire, Jean-Marie PIERRAT vous fait red\u00e9couvrir la vie du village avec son caf\u00e9, son \u00e9cole, son cimeti\u00e8re \u00e0 l\u2019endroit o\u00f9 vous ne l\u2019attendez sans doute pas, sa cabine t\u00e9l\u00e9phonique, ses cur\u00e9s, ses instituteurs, ses cultivateurs et tant d\u2019autres\u2026<\/span><\/p>\r\n<p><span style=\"font-size: 14pt;\">L\u2019auteur lui-m\u00eame ne se doutait pas qu\u2019il \u00e9crirait un jour un livre d\u2019Histoire. Mais la passion de l\u2019\u00e9glise au c\u0153ur du village, le temps d\u00e9gag\u00e9 par un confinement que l\u2019on n\u2019avait pas anticip\u00e9, les nouvelles technologies, le tout a produit par magie une promenade inattendue dans les rues de notre village qui, par exemple, ont bien failli \u00eatre \u00e9clair\u00e9es par\u2026 des lampes \u00e0 p\u00e9trole ! Le conseil municipal en avait d\u00e9cid\u00e9 ainsi avant de se raviser&#8230;<\/span><br \/><span style=\"font-size: 14pt;\">En achetant ce livre, vous participez \u00e0 la restauration de notre v\u00e9n\u00e9rable \u00e9glise du XIIe si\u00e8cle, \u0153uvre de tant de g\u00e9n\u00e9rations de b\u00e2tisseurs et d\u2019artistes, et t\u00e9moin de tant d\u2019\u00e9v\u00e8nements heureux et douloureux.<br \/><a href=\"https:\/\/eglise-saint-clair.org\/?page_id=399\">Vous pouvez vous le procurer ici<\/a>. Vous pouvez \u00e9galement <a href=\"https:\/\/eglise-saint-clair.org\/?page_id=107\">prendre contact<\/a>&#8230;<\/span><\/p>\r\n<p>&nbsp;<\/p>\r\n<table style=\"width: 100%; border-collapse: collapse; background-color: #000000; height: 52px;\" border=\"1\">\r\n<tbody>\r\n<tr style=\"height: 28px;\">\r\n<td style=\"width: 50%; text-align: center; height: 28px; background-color: #30398c;\"><span style=\"font-size: 18pt;\"><span style=\"color: #ffffff;\"><b>Merci les b\u00e9n\u00e9voles !<\/b><\/span><b><br \/><\/b><\/span><\/td>\r\n<td style=\"width: 50%; text-align: center; height: 28px; background-color: #30398c;\"><span style=\"color: #ffffff; font-size: 18pt;\"><b>C&rsquo;est fait : <\/b><b><br \/><\/b><b> les capteurs sont en place<\/b><\/span><\/td>\r\n<\/tr>\r\n<tr style=\"height: 24px;\">\r\n<td style=\"width: 50%; height: 24px; background-color: #f7f2f2; vertical-align: top;\"><a href=\"https:\/\/1drv.ms\/f\/s!An774Asl0B9ihuZ1YXw5uZU-I8-0Ig\" target=\"_blank\" rel=\"noopener noreferrer\"><img loading=\"lazy\" decoding=\"async\" class=\"size-medium wp-image-201 alignleft\" src=\"https:\/\/eglise-saint-clair.org\/wp-content\/uploads\/2019\/04\/d\u00e9montage-contrefiches-221x300.jpg\" alt=\"\" width=\"221\" height=\"300\" srcset=\"https:\/\/eglise-saint-clair.org\/wp-content\/uploads\/2019\/04\/d\u00e9montage-contrefiches-221x300.jpg 221w, https:\/\/eglise-saint-clair.org\/wp-content\/uploads\/2019\/04\/d\u00e9montage-contrefiches.jpg 638w\" sizes=\"auto, (max-width: 221px) 100vw, 221px\" \/><\/a><span style=\"font-size: 14pt;\">Le matin m\u00eame de l&rsquo;incendie \u00e0 Notre Dame de Paris, 8 b\u00e9n\u00e9voles, sous la conduite de Gilles, se sont retrouv\u00e9s pour d\u00e9monter les \u00ab\u00a0contrefiches\u00a0\u00bb. Entendez par l\u00e0 les \u00e9tais, \u00e0 l&rsquo;ext\u00e9rieur de l&rsquo;\u00e9glise, pos\u00e9s il y a une quinzaine d&rsquo;ann\u00e9es pour soutenir le mur c\u00f4t\u00e9 Sud. Les intemp\u00e9ries ont fait que les poutres, gorg\u00e9es d&rsquo;eau \u00e9taient compl\u00e8tement pourries.<\/span><br \/><span style=\"font-size: 14pt;\">Cette op\u00e9ration de d\u00e9montage a \u00e9t\u00e9 faite en accord avec notre Architecte, ainsi qu&rsquo;avec celui de Monsieur L&rsquo;Architecte des B\u00e2timents de France. Le but est que le Monument repose sur ses fondations et piliers naturels pour la suite des op\u00e9rations : la surveillance par des capteurs qui vont \u00eatre pos\u00e9s prochainement (voir ci-contre).<\/span>\r\n<p>&nbsp;<\/p>\r\n<div align=\"center\">\r\n<p><span style=\"font-size: 14pt;\">Merci \u00e0 tous les b\u00e9n\u00e9voles !<\/span><\/p>\r\n<div align=\"justify\"><a href=\"https:\/\/1drv.ms\/f\/s!An774Asl0B9ihuZ1YXw5uZU-I8-0Ig\" target=\"_blank\" rel=\"noopener noreferrer\"><span style=\"font-size: 14pt;\">Vous pouvez cliquer sur la photo pour voir toutes les autres&#8230;<\/span><\/a><\/div>\r\n<\/div>\r\n<\/td>\r\n<td style=\"width: 50%; height: 24px; background-color: #f7f2f2; vertical-align: top;\"><span style=\"font-size: 14pt;\">De la volont\u00e9 m\u00eame de notre Architecte, il est urgent de ne pas se pr\u00e9cipiter de faire des travaux lourds. Ceux-ci auront bien lieu, mais il est n\u00e9cessaire de bien analyser la fa\u00e7on dont notre \u00e9glise bouge en fonction des saisons, de l&rsquo;humidit\u00e9, de la temp\u00e9rature.<\/span><br \/><span style=\"font-size: 14pt;\">Des capteurs \u00e9lectroniques viennent d&rsquo;\u00eatre pos\u00e9s \u00e0 des endroits strat\u00e9giques, bien plus pr\u00e9cis que les t\u00e9moins en pl\u00e2tre utilis\u00e9s autrefois. Ceux-ci enregistrent leurs mesures toutes les heures, pendant au moins un an. De l&rsquo;analyse de celles-ci, ainsi qu&rsquo;\u00e0 l&rsquo;analyse de stabilit\u00e9 des sols et des plans en 3D r\u00e9cemment \u00e9tablis, d\u00e9couleront des pr\u00e9conisations de travaux par notre Architecte, \u00e0 la fin de l&rsquo;ann\u00e9e prochaine.<\/span><br \/><span style=\"font-size: 14pt;\">Donc rien de spectaculaire, mais le dossier avance !<\/span><br \/><span style=\"font-size: 14pt;\">Viendront alors le temps de recherche de subventions et des dossiers administratifs et techniques avant d&rsquo;entrer dans le vif du sujet.<\/span><br \/><span style=\"font-size: 14pt;\">Nous aurons bien le temps d&rsquo;en reparler !<\/span><\/td>\r\n<\/tr>\r\n<\/tbody>\r\n<\/table>\r\n<p>&nbsp;<\/p>\r\n<table style=\"height: 160px; width: 735px; border-collapse: collapse;\" border=\"1\">\r\n<tbody>\r\n<tr>\r\n<td style=\"width: 730px; vertical-align: top;\">\r\n<p style=\"text-align: center;\"><span style=\"color: #000080; font-size: 14pt; font-family: verdana, geneva, sans-serif;\"><strong>Concert le 2 juin 2018 donn\u00e9 au profit<br \/>de la restauration de l&rsquo;\u00e9glise<\/strong><\/span><\/p>\r\n<div><span style=\"font-family: verdana, geneva, sans-serif;\">Les Foudziks ont fait vibrer les vo\u00fbtes s\u00e9culaires de notre \u00e9glise !<\/span><br \/><span style=\"font-family: verdana, geneva, sans-serif;\">Vous retrouverez ici quelques extraits en vid\u00e9o.<\/span><\/div>\r\n<\/td>\r\n<\/tr>\r\n<\/tbody>\r\n<\/table>\r\n<div><iframe loading=\"lazy\" src=\"https:\/\/www.youtube.com\/embed\/l1V-wMPUcUI\" width=\"560\" height=\"315\" frameborder=\"0\" allowfullscreen=\"allowfullscreen\" data-mce-fragment=\"1\"><\/iframe><\/div>\r\n<div><iframe loading=\"lazy\" src=\"https:\/\/www.youtube.com\/embed\/AYljtqiYZDY\" width=\"560\" height=\"315\" frameborder=\"0\" allowfullscreen=\"allowfullscreen\" data-mce-fragment=\"1\"><\/iframe><\/div>\r\n<div><iframe loading=\"lazy\" src=\"https:\/\/www.youtube.com\/embed\/KzovypHgqL0\" width=\"560\" height=\"315\" frameborder=\"0\" allowfullscreen=\"allowfullscreen\" data-mce-fragment=\"1\"><\/iframe><\/div>\r\n<div><iframe loading=\"lazy\" src=\"https:\/\/www.youtube.com\/embed\/b2_PG8S1H40\" width=\"560\" height=\"315\" frameborder=\"0\" allowfullscreen=\"allowfullscreen\" data-mce-fragment=\"1\"><\/iframe><\/div>\r\n<div><iframe loading=\"lazy\" src=\"https:\/\/www.youtube.com\/embed\/lEqQwv4hTAg\" width=\"560\" height=\"315\" frameborder=\"0\" allowfullscreen=\"allowfullscreen\" data-mce-fragment=\"1\"><\/iframe><\/div>\r\n<div><iframe loading=\"lazy\" src=\"https:\/\/www.youtube.com\/embed\/YZTsVv9vsy4\" width=\"560\" height=\"315\" frameborder=\"0\" allowfullscreen=\"allowfullscreen\" data-mce-fragment=\"1\"><\/iframe><\/div>\r\n<div><iframe loading=\"lazy\" src=\"https:\/\/www.youtube.com\/embed\/lKEX12lPDGE\" width=\"560\" height=\"315\" frameborder=\"0\" allowfullscreen=\"allowfullscreen\" data-mce-fragment=\"1\"><\/iframe><\/div>\r\n<div><iframe loading=\"lazy\" src=\"https:\/\/www.youtube.com\/embed\/2EsInePpN7s\" width=\"560\" height=\"315\" frameborder=\"0\" allowfullscreen=\"allowfullscreen\" data-mce-fragment=\"1\"><\/iframe><\/div>\r\n<p><span style=\"font-family: verdana, geneva, sans-serif;\"><a href=\"https:\/\/www.facebook.com\/pg\/Les-Foudziks-124695828184144\/events\/\" target=\"_blank\" rel=\"noopener noreferrer\">Page Facebook des Foudziks&#8230;<\/a><\/span><\/p>\r\n<p style=\"text-align: center;\"><strong><span style=\"font-family: verdana, geneva, sans-serif;\">Les graffitis du clocher :<\/span><\/strong><br \/><strong><span style=\"font-family: verdana, geneva, sans-serif;\">Retrouvez les photos ici !<\/span><\/strong><\/p>\r\n<div>\r\n<div><span style=\"font-family: verdana, geneva, sans-serif;\"><img decoding=\"async\" src=\"sh-cde-Herouville.JPG\" alt=\"\" align=\"right\" hspace=\"5\" \/><\/span><\/div>\r\n<p><span style=\"font-family: verdana, geneva, sans-serif;\"><small><span style=\"font-size: 12pt;\">En pr\u00e9vision des travaux \u00e0 venir, nous avons eu plusieurs fois l&rsquo;occasion de monter dans le clocher&#8230; Cela a \u00e9t\u00e9 l&rsquo;occasion d&rsquo;y d\u00e9couvrir un tr\u00e9sor m\u00e9connu : les tr\u00e8s nombreux graffitis op\u00e9r\u00e9s par des charpentiers, tailleurs de pierre, ouvriers&#8230; et H\u00e9rouvillois. Le plus ancien date de 1675, et le plus r\u00e9cent de 1997. Apr\u00e8s un travail d&rsquo;inventaire photographique, nous sommes heureux de vous les faire (re)d\u00e9couvrir : elles ont \u00e9t\u00e9 expos\u00e9s lors des Journ\u00e9es du Patrimoine, mais vous pouvez d\u00e9sormais les retrouver en ligne !<\/span><br \/><\/small><\/span><\/p>\r\n<div style=\"text-align: center;\"><span style=\"font-family: verdana, geneva, sans-serif;\"><small><iframe loading=\"lazy\" src=\"https:\/\/onedrive.live.com\/embed?cid=621FD0250BE0FB7E&amp;resid=621FD0250BE0FB7E%2170884&amp;authkey=AEXvkYq8g3hsoJs\" width=\"165\" height=\"128\" frameborder=\"0\" scrolling=\"no\" data-mce-fragment=\"1\"><\/iframe><\/small><\/span><br \/><small><\/small><\/div>\r\n<p><span style=\"font-family: verdana, geneva, sans-serif;\"><small>\u00a0<\/small><\/span><\/p>\r\n<\/div>\r\n<p style=\"text-align: center;\"><span style=\"font-size: 14pt; color: #000080; font-family: verdana, geneva, sans-serif;\"><strong>Objectif :<\/strong><\/span><br \/><span style=\"color: #000080; font-family: verdana, geneva, sans-serif;\"><span style=\"font-size: 14pt;\"><strong>supprimer les \u00e9tais en bois<\/strong><\/span>!<\/span><\/p>\r\n<p><span style=\"font-family: verdana, geneva, sans-serif;\">Bien s\u00fbr, ces sout\u00e8nements en bois sont\u00a0disgracieux&#8230; Mais plus fondamentalement, provisoires depuis plus de 10 ans, ceux-ci n&rsquo;assurent plus correctement leur fonction. En particulier ceux qui sont situ\u00e9s \u00e0 l&rsquo;ext\u00e9rieur de l&rsquo;\u00e9difice et dont la base est pourrie&#8230;<\/span><\/p>\r\n<p><span style=\"font-family: verdana, geneva, sans-serif;\">Monsieur l&rsquo;Architecte en Chef des Monuments Historiques a fait une \u00e9tude pouss\u00e9e qui va nous conduire \u00e0 des travaux importants de consolidation pour que notre \u00e9glise retrouve une coh\u00e9rence p\u00e9r\u00e8ne.<\/span><\/p>\r\n<p><span style=\"font-family: verdana, geneva, sans-serif;\">Participez \u00e0 cette restauration!<\/span><\/p>\r\n<p><span style=\"font-family: verdana, geneva, sans-serif;\">La Municipalit\u00e9, \u00e9paul\u00e9e par l&rsquo;Association a recrut\u00e9\u00a0Monsieur Berhault, architecte du Patrimoine, sp\u00e9cialis\u00e9 dans les monuments anciens et en particulier les \u00e9glises,\u00a0 qui doit finaliser les \u00e9tudes, nous aider dans les dossiers administratifs, et enfin conduire les travaux. Nous esp\u00e9rons que ceux-ci pourront commencer en 2019.<\/span><br \/><span style=\"font-family: verdana, geneva, sans-serif;\">Pour compl\u00e9ter les subventions publiques (limit\u00e9es \u00e0 80%), nous avons besoin de vous !<\/span><br \/><span style=\"font-family: verdana, geneva, sans-serif;\">Rendez-vous ici&#8230; et merci d&rsquo;avance !<\/span><\/p>\r\n<hr \/>\r\n<p style=\"text-align: center;\"><img loading=\"lazy\" decoding=\"async\" class=\"alignnone size-medium wp-image-110\" src=\"http:\/\/eglise-saint-clair.org\/wp-content\/uploads\/2018\/08\/couverture-livre-209x300.gif\" alt=\"\" width=\"209\" height=\"300\" srcset=\"https:\/\/eglise-saint-clair.org\/wp-content\/uploads\/2018\/08\/couverture-livre-209x300.gif 209w, https:\/\/eglise-saint-clair.org\/wp-content\/uploads\/2018\/08\/couverture-livre-278x400.gif 278w\" sizes=\"auto, (max-width: 209px) 100vw, 209px\" \/><\/p>\r\n<p><span style=\"font-family: verdana, geneva, sans-serif; font-size: 12pt;\">Il n\u2019est plus n\u00e9cessaire de pr\u00e9senter Roger DESCAMPS, g\u00e9n\u00e9alogiste et historien passionn\u00e9. Il avait d\u00e9j\u00e0 \u00e9crit un document d\u2019une cinquantaine de pages sur l\u2019histoire de notre \u00e9glise et de notre village.<br \/>Il l\u2019a enti\u00e8rement revu, avec des sections in\u00e9dites (par exemple la juxtaposition des cartes des plans du village d\u2019aujourd\u2019hui\u2026 avec ceux du XVI\u00e8me si\u00e8cle). Bref, le nombre de pages a plus que doubl\u00e9 !<br \/>Une mine de renseignements pr\u00e9cieux pour celui qui s\u2019int\u00e9resse \u00e0 ce qui fait l\u2019\u00e2me d\u2019H\u00e9rouville aujourd\u2019hui, qui trouve ses racines dans ce qu\u2019ont v\u00e9cu et b\u00e2ti nos pr\u00e9d\u00e9cesseurs.<br \/>Merci Roger !<\/span><\/p>\r\n<p><span style=\"font-family: verdana, geneva, sans-serif;\">V<del>ous pouvez vous procurer cet ouvrage (18.50\u20ac)\u00a0 \u00e0 la Mairie ou le <a href=\"https:\/\/eglise-saint-clair.org\/?page_id=399\">commander en ligne dans la boutique<\/a><\/del>. D\u00e9sol\u00e9 : l&rsquo;ouvrage est d\u00e9sormais \u00e9puis\u00e9&#8230;<\/span><\/p>\r\n<p><span style=\"color: #ffffff;\"><a style=\"color: #ffffff;\" href=\"https:\/\/lepointdroit.fr\/\" target=\"_blank\" rel=\"noopener noreferrer\">x<\/a><\/span><\/p>","protected":false},"excerpt":{"rendered":"<p>Notre \u00e9glise, t\u00e9moin de 9 si\u00e8cles d&rsquo;histoire au milieu du village vous tient \u00e0 coeur ?Nous aussi ! &nbsp; Demandez les cartes postales ! D\u00e9voil\u00e9es lors des journ\u00e9es du Patrimoine 2023, les cartes postales de l&rsquo;\u00e9glise, du village et du ch\u00e2teau d&rsquo;H\u00e9rouville ont \u00e9t\u00e9 r\u00e9\u00e9dit\u00e9es par l&rsquo;Association. Il y en a 31 diff\u00e9rentes, dont deux in\u00e9dites : une repr\u00e9sente le vitrail l\u00e9gendaire de la vie de Saint Clair, l&rsquo;autre une photo in\u00e9dite du ch\u00e2teau d&rsquo;H\u00e9rouville vers 1870. C&rsquo;est la seule que nous ayons o\u00f9 la partie centrale est encore visible avant qu&rsquo;elle ne soit d\u00e9molie. Les cartes postales sont ici ! Comment vous les procurer ? Si vous habitez H\u00e9rouville-en-Vexin ou vous avez l&rsquo;occasion de passer, prenez contact auparavant. Vous n&rsquo;aurez aucun frais d&rsquo;envoi. Sinon, vous pouvez les commander en ligne via notre partenaire HelloAsso. Il est sorti ! \u00a0 Le livre \u00e9crit par Jean-Marie PIERRAT : Jos\u00e9phine Brochard-Artoux etla vie \u00e0 H\u00e9rouville au XIXe si\u00e8cleest d\u00e9sormais r\u00e9\u00e9dit\u00e9 ! Oubliez tout ce que vous connaissez de la vie h\u00e9rouvilloise : bienvenue dans l\u2019univers du XIXe si\u00e8cle ! Partant d\u2019une H\u00e9rouvilloise \u00e0 la fois ordinaire et extra-ordinaire, Jean-Marie PIERRAT vous fait red\u00e9couvrir la vie du village avec son caf\u00e9, son \u00e9cole, son cimeti\u00e8re \u00e0 l\u2019endroit o\u00f9 vous ne l\u2019attendez sans doute pas, sa cabine t\u00e9l\u00e9phonique, ses cur\u00e9s, ses instituteurs, ses cultivateurs et tant d\u2019autres\u2026 L\u2019auteur lui-m\u00eame ne se doutait pas qu\u2019il \u00e9crirait un jour un livre d\u2019Histoire. Mais la passion de l\u2019\u00e9glise au c\u0153ur du village, le temps d\u00e9gag\u00e9 par un confinement que l\u2019on n\u2019avait pas anticip\u00e9, les nouvelles technologies, le tout a produit par magie une promenade inattendue dans les rues de notre village qui, par exemple, ont bien failli \u00eatre \u00e9clair\u00e9es par\u2026 des lampes \u00e0 p\u00e9trole ! Le conseil municipal en avait d\u00e9cid\u00e9 ainsi avant de se raviser&#8230;En achetant ce livre, vous participez \u00e0 la restauration de notre v\u00e9n\u00e9rable \u00e9glise du XIIe si\u00e8cle, \u0153uvre de tant de g\u00e9n\u00e9rations de b\u00e2tisseurs et d\u2019artistes, et t\u00e9moin de tant d\u2019\u00e9v\u00e8nements heureux et douloureux.Vous pouvez vous le procurer ici. Vous pouvez \u00e9galement prendre contact&#8230; &nbsp; Merci les b\u00e9n\u00e9voles ! C&rsquo;est fait : les capteurs sont en place Le matin m\u00eame de l&rsquo;incendie \u00e0 Notre Dame de Paris, 8 b\u00e9n\u00e9voles, sous la conduite de Gilles, se sont retrouv\u00e9s pour d\u00e9monter les \u00ab\u00a0contrefiches\u00a0\u00bb. Entendez par l\u00e0 les \u00e9tais, \u00e0 l&rsquo;ext\u00e9rieur de l&rsquo;\u00e9glise, pos\u00e9s il y a une quinzaine d&rsquo;ann\u00e9es pour soutenir le mur c\u00f4t\u00e9 Sud. Les intemp\u00e9ries ont fait que les poutres, gorg\u00e9es d&rsquo;eau \u00e9taient compl\u00e8tement pourries.Cette op\u00e9ration de d\u00e9montage a \u00e9t\u00e9 faite en accord avec notre Architecte, ainsi qu&rsquo;avec celui de Monsieur L&rsquo;Architecte des B\u00e2timents de France. Le but est que le Monument repose sur ses fondations et piliers naturels pour la suite des op\u00e9rations : la surveillance par des capteurs qui vont \u00eatre pos\u00e9s prochainement (voir ci-contre). &nbsp; Merci \u00e0 tous les b\u00e9n\u00e9voles ! Vous pouvez cliquer sur la photo pour voir toutes les autres&#8230; De la volont\u00e9 m\u00eame de notre Architecte, il est urgent de ne pas se pr\u00e9cipiter de faire des travaux lourds. Ceux-ci auront bien lieu, mais il est n\u00e9cessaire de bien analyser la fa\u00e7on dont notre \u00e9glise bouge en fonction des saisons, de l&rsquo;humidit\u00e9, de la temp\u00e9rature.Des capteurs \u00e9lectroniques viennent d&rsquo;\u00eatre pos\u00e9s \u00e0 des endroits strat\u00e9giques, bien plus pr\u00e9cis que les t\u00e9moins en pl\u00e2tre utilis\u00e9s autrefois. Ceux-ci enregistrent leurs mesures toutes les heures, pendant au moins un an. De l&rsquo;analyse de celles-ci, ainsi qu&rsquo;\u00e0 l&rsquo;analyse de stabilit\u00e9 des sols et des plans en 3D r\u00e9cemment \u00e9tablis, d\u00e9couleront des pr\u00e9conisations de travaux par notre Architecte, \u00e0 la fin de l&rsquo;ann\u00e9e prochaine.Donc rien de spectaculaire, mais le dossier avance !Viendront alors le temps de recherche de subventions et des dossiers administratifs et techniques avant d&rsquo;entrer dans le vif du sujet.Nous aurons bien le temps d&rsquo;en reparler ! &nbsp; Concert le 2 juin 2018 donn\u00e9 au profitde la restauration de l&rsquo;\u00e9glise Les Foudziks ont fait vibrer les vo\u00fbtes s\u00e9culaires de notre \u00e9glise !Vous retrouverez ici quelques extraits en vid\u00e9o. Page Facebook des Foudziks&#8230; Les graffitis du clocher :Retrouvez les photos ici ! En pr\u00e9vision des travaux \u00e0 venir, nous avons eu plusieurs fois l&rsquo;occasion de monter dans le clocher&#8230; Cela a \u00e9t\u00e9 l&rsquo;occasion d&rsquo;y d\u00e9couvrir un tr\u00e9sor m\u00e9connu : les tr\u00e8s nombreux graffitis op\u00e9r\u00e9s par des charpentiers, tailleurs de pierre, ouvriers&#8230; et H\u00e9rouvillois. Le plus ancien date de 1675, et le plus r\u00e9cent de 1997. Apr\u00e8s un travail d&rsquo;inventaire photographique, nous sommes heureux de vous les faire (re)d\u00e9couvrir : elles ont \u00e9t\u00e9 expos\u00e9s lors des Journ\u00e9es du Patrimoine, mais vous pouvez d\u00e9sormais les retrouver en ligne ! \u00a0 Objectif :supprimer les \u00e9tais en bois! Bien s\u00fbr, ces sout\u00e8nements en bois sont\u00a0disgracieux&#8230; Mais plus fondamentalement, provisoires depuis plus de 10 ans, ceux-ci n&rsquo;assurent plus correctement leur fonction. En particulier ceux qui sont situ\u00e9s \u00e0 l&rsquo;ext\u00e9rieur de l&rsquo;\u00e9difice et dont la base est pourrie&#8230; Monsieur l&rsquo;Architecte en Chef des Monuments Historiques a fait une \u00e9tude pouss\u00e9e qui va nous conduire \u00e0 des travaux importants de consolidation pour que notre \u00e9glise retrouve une coh\u00e9rence p\u00e9r\u00e8ne. Participez \u00e0 cette restauration! La Municipalit\u00e9, \u00e9paul\u00e9e par l&rsquo;Association a recrut\u00e9\u00a0Monsieur Berhault, architecte du Patrimoine, sp\u00e9cialis\u00e9 dans les monuments anciens et en particulier les \u00e9glises,\u00a0 qui doit finaliser les \u00e9tudes, nous aider dans les dossiers administratifs, et enfin conduire les travaux. Nous esp\u00e9rons que ceux-ci pourront commencer en 2019.Pour compl\u00e9ter les subventions publiques (limit\u00e9es \u00e0 80%), nous avons besoin de vous !Rendez-vous ici&#8230; et merci d&rsquo;avance ! Il n\u2019est plus n\u00e9cessaire de pr\u00e9senter Roger DESCAMPS, g\u00e9n\u00e9alogiste et historien passionn\u00e9. Il avait d\u00e9j\u00e0 \u00e9crit un document d\u2019une cinquantaine de pages sur l\u2019histoire de notre \u00e9glise et de notre village.Il l\u2019a enti\u00e8rement revu, avec des sections in\u00e9dites (par exemple la juxtaposition des cartes des plans du village d\u2019aujourd\u2019hui\u2026 avec ceux du XVI\u00e8me si\u00e8cle). Bref, le nombre de pages a plus que doubl\u00e9 !Une mine de renseignements pr\u00e9cieux pour celui qui s\u2019int\u00e9resse \u00e0 ce qui fait l\u2019\u00e2me d\u2019H\u00e9rouville aujourd\u2019hui, qui trouve ses racines dans ce qu\u2019ont v\u00e9cu et b\u00e2ti nos pr\u00e9d\u00e9cesseurs.Merci Roger ! Vous pouvez vous procurer cet ouvrage (18.50\u20ac)\u00a0 \u00e0 la Mairie ou le commander en ligne dans la boutique. D\u00e9sol\u00e9 : l&rsquo;ouvrage est d\u00e9sormais \u00e9puis\u00e9&#8230; x<\/p>\n","protected":false},"author":1,"featured_media":0,"parent":0,"menu_order":0,"comment_status":"closed","ping_status":"closed","template":"","meta":{"footnotes":""},"class_list":["post-63","page","type-page","status-publish","hentry"],"yoast_head":"<!-- This site is optimized with the Yoast SEO plugin v19.3 - https:\/\/yoast.com\/wordpress\/plugins\/seo\/ -->\n<title>Bienvenue ! &lt;<\/title>\n<meta name=\"robots\" content=\"index, follow, max-snippet:-1, max-image-preview:large, max-video-preview:-1\" \/>\n<link rel=\"canonical\" href=\"https:\/\/eglise-saint-clair.org\/\" \/>\n<meta property=\"og:locale\" content=\"fr_FR\" \/>\n<meta property=\"og:type\" content=\"article\" \/>\n<meta property=\"og:title\" content=\"Bienvenue ! &lt;\" \/>\n<meta property=\"og:description\" content=\"Notre \u00e9glise, t\u00e9moin de 9 si\u00e8cles d&rsquo;histoire au milieu du village vous tient \u00e0 coeur ?Nous aussi ! &nbsp; Demandez les cartes postales ! D\u00e9voil\u00e9es lors des journ\u00e9es du Patrimoine 2023, les cartes postales de l&rsquo;\u00e9glise, du village et du ch\u00e2teau d&rsquo;H\u00e9rouville ont \u00e9t\u00e9 r\u00e9\u00e9dit\u00e9es par l&rsquo;Association. Il y en a 31 diff\u00e9rentes, dont deux in\u00e9dites : une repr\u00e9sente le vitrail l\u00e9gendaire de la vie de Saint Clair, l&rsquo;autre une photo in\u00e9dite du ch\u00e2teau d&rsquo;H\u00e9rouville vers 1870. C&rsquo;est la seule que nous ayons o\u00f9 la partie centrale est encore visible avant qu&rsquo;elle ne soit d\u00e9molie. Les cartes postales sont ici ! Comment vous les procurer ? Si vous habitez H\u00e9rouville-en-Vexin ou vous avez l&rsquo;occasion de passer, prenez contact auparavant. Vous n&rsquo;aurez aucun frais d&rsquo;envoi. Sinon, vous pouvez les commander en ligne via notre partenaire HelloAsso. Il est sorti ! \u00a0 Le livre \u00e9crit par Jean-Marie PIERRAT : Jos\u00e9phine Brochard-Artoux etla vie \u00e0 H\u00e9rouville au XIXe si\u00e8cleest d\u00e9sormais r\u00e9\u00e9dit\u00e9 ! Oubliez tout ce que vous connaissez de la vie h\u00e9rouvilloise : bienvenue dans l\u2019univers du XIXe si\u00e8cle ! Partant d\u2019une H\u00e9rouvilloise \u00e0 la fois ordinaire et extra-ordinaire, Jean-Marie PIERRAT vous fait red\u00e9couvrir la vie du village avec son caf\u00e9, son \u00e9cole, son cimeti\u00e8re \u00e0 l\u2019endroit o\u00f9 vous ne l\u2019attendez sans doute pas, sa cabine t\u00e9l\u00e9phonique, ses cur\u00e9s, ses instituteurs, ses cultivateurs et tant d\u2019autres\u2026 L\u2019auteur lui-m\u00eame ne se doutait pas qu\u2019il \u00e9crirait un jour un livre d\u2019Histoire. Mais la passion de l\u2019\u00e9glise au c\u0153ur du village, le temps d\u00e9gag\u00e9 par un confinement que l\u2019on n\u2019avait pas anticip\u00e9, les nouvelles technologies, le tout a produit par magie une promenade inattendue dans les rues de notre village qui, par exemple, ont bien failli \u00eatre \u00e9clair\u00e9es par\u2026 des lampes \u00e0 p\u00e9trole ! Le conseil municipal en avait d\u00e9cid\u00e9 ainsi avant de se raviser&#8230;En achetant ce livre, vous participez \u00e0 la restauration de notre v\u00e9n\u00e9rable \u00e9glise du XIIe si\u00e8cle, \u0153uvre de tant de g\u00e9n\u00e9rations de b\u00e2tisseurs et d\u2019artistes, et t\u00e9moin de tant d\u2019\u00e9v\u00e8nements heureux et douloureux.Vous pouvez vous le procurer ici. Vous pouvez \u00e9galement prendre contact&#8230; &nbsp; Merci les b\u00e9n\u00e9voles ! C&rsquo;est fait : les capteurs sont en place Le matin m\u00eame de l&rsquo;incendie \u00e0 Notre Dame de Paris, 8 b\u00e9n\u00e9voles, sous la conduite de Gilles, se sont retrouv\u00e9s pour d\u00e9monter les \u00ab\u00a0contrefiches\u00a0\u00bb. Entendez par l\u00e0 les \u00e9tais, \u00e0 l&rsquo;ext\u00e9rieur de l&rsquo;\u00e9glise, pos\u00e9s il y a une quinzaine d&rsquo;ann\u00e9es pour soutenir le mur c\u00f4t\u00e9 Sud. Les intemp\u00e9ries ont fait que les poutres, gorg\u00e9es d&rsquo;eau \u00e9taient compl\u00e8tement pourries.Cette op\u00e9ration de d\u00e9montage a \u00e9t\u00e9 faite en accord avec notre Architecte, ainsi qu&rsquo;avec celui de Monsieur L&rsquo;Architecte des B\u00e2timents de France. Le but est que le Monument repose sur ses fondations et piliers naturels pour la suite des op\u00e9rations : la surveillance par des capteurs qui vont \u00eatre pos\u00e9s prochainement (voir ci-contre). &nbsp; Merci \u00e0 tous les b\u00e9n\u00e9voles ! Vous pouvez cliquer sur la photo pour voir toutes les autres&#8230; De la volont\u00e9 m\u00eame de notre Architecte, il est urgent de ne pas se pr\u00e9cipiter de faire des travaux lourds. Ceux-ci auront bien lieu, mais il est n\u00e9cessaire de bien analyser la fa\u00e7on dont notre \u00e9glise bouge en fonction des saisons, de l&rsquo;humidit\u00e9, de la temp\u00e9rature.Des capteurs \u00e9lectroniques viennent d&rsquo;\u00eatre pos\u00e9s \u00e0 des endroits strat\u00e9giques, bien plus pr\u00e9cis que les t\u00e9moins en pl\u00e2tre utilis\u00e9s autrefois. Ceux-ci enregistrent leurs mesures toutes les heures, pendant au moins un an. De l&rsquo;analyse de celles-ci, ainsi qu&rsquo;\u00e0 l&rsquo;analyse de stabilit\u00e9 des sols et des plans en 3D r\u00e9cemment \u00e9tablis, d\u00e9couleront des pr\u00e9conisations de travaux par notre Architecte, \u00e0 la fin de l&rsquo;ann\u00e9e prochaine.Donc rien de spectaculaire, mais le dossier avance !Viendront alors le temps de recherche de subventions et des dossiers administratifs et techniques avant d&rsquo;entrer dans le vif du sujet.Nous aurons bien le temps d&rsquo;en reparler ! &nbsp; Concert le 2 juin 2018 donn\u00e9 au profitde la restauration de l&rsquo;\u00e9glise Les Foudziks ont fait vibrer les vo\u00fbtes s\u00e9culaires de notre \u00e9glise !Vous retrouverez ici quelques extraits en vid\u00e9o. Page Facebook des Foudziks&#8230; Les graffitis du clocher :Retrouvez les photos ici ! En pr\u00e9vision des travaux \u00e0 venir, nous avons eu plusieurs fois l&rsquo;occasion de monter dans le clocher&#8230; Cela a \u00e9t\u00e9 l&rsquo;occasion d&rsquo;y d\u00e9couvrir un tr\u00e9sor m\u00e9connu : les tr\u00e8s nombreux graffitis op\u00e9r\u00e9s par des charpentiers, tailleurs de pierre, ouvriers&#8230; et H\u00e9rouvillois. Le plus ancien date de 1675, et le plus r\u00e9cent de 1997. Apr\u00e8s un travail d&rsquo;inventaire photographique, nous sommes heureux de vous les faire (re)d\u00e9couvrir : elles ont \u00e9t\u00e9 expos\u00e9s lors des Journ\u00e9es du Patrimoine, mais vous pouvez d\u00e9sormais les retrouver en ligne ! \u00a0 Objectif :supprimer les \u00e9tais en bois! Bien s\u00fbr, ces sout\u00e8nements en bois sont\u00a0disgracieux&#8230; Mais plus fondamentalement, provisoires depuis plus de 10 ans, ceux-ci n&rsquo;assurent plus correctement leur fonction. En particulier ceux qui sont situ\u00e9s \u00e0 l&rsquo;ext\u00e9rieur de l&rsquo;\u00e9difice et dont la base est pourrie&#8230; Monsieur l&rsquo;Architecte en Chef des Monuments Historiques a fait une \u00e9tude pouss\u00e9e qui va nous conduire \u00e0 des travaux importants de consolidation pour que notre \u00e9glise retrouve une coh\u00e9rence p\u00e9r\u00e8ne. Participez \u00e0 cette restauration! La Municipalit\u00e9, \u00e9paul\u00e9e par l&rsquo;Association a recrut\u00e9\u00a0Monsieur Berhault, architecte du Patrimoine, sp\u00e9cialis\u00e9 dans les monuments anciens et en particulier les \u00e9glises,\u00a0 qui doit finaliser les \u00e9tudes, nous aider dans les dossiers administratifs, et enfin conduire les travaux. Nous esp\u00e9rons que ceux-ci pourront commencer en 2019.Pour compl\u00e9ter les subventions publiques (limit\u00e9es \u00e0 80%), nous avons besoin de vous !Rendez-vous ici&#8230; et merci d&rsquo;avance ! Il n\u2019est plus n\u00e9cessaire de pr\u00e9senter Roger DESCAMPS, g\u00e9n\u00e9alogiste et historien passionn\u00e9. Il avait d\u00e9j\u00e0 \u00e9crit un document d\u2019une cinquantaine de pages sur l\u2019histoire de notre \u00e9glise et de notre village.Il l\u2019a enti\u00e8rement revu, avec des sections in\u00e9dites (par exemple la juxtaposition des cartes des plans du village d\u2019aujourd\u2019hui\u2026 avec ceux du XVI\u00e8me si\u00e8cle). Bref, le nombre de pages a plus que doubl\u00e9 !Une mine de renseignements pr\u00e9cieux pour celui qui s\u2019int\u00e9resse \u00e0 ce qui fait l\u2019\u00e2me d\u2019H\u00e9rouville aujourd\u2019hui, qui trouve ses racines dans ce qu\u2019ont v\u00e9cu et b\u00e2ti nos pr\u00e9d\u00e9cesseurs.Merci Roger ! Vous pouvez vous procurer cet ouvrage (18.50\u20ac)\u00a0 \u00e0 la Mairie ou le commander en ligne dans la boutique. D\u00e9sol\u00e9 : l&rsquo;ouvrage est d\u00e9sormais \u00e9puis\u00e9&#8230; x\" \/>\n<meta property=\"og:url\" content=\"https:\/\/eglise-saint-clair.org\/\" \/>\n<meta property=\"article:modified_time\" content=\"2025-12-26T10:39:51+00:00\" \/>\n<meta property=\"og:image\" content=\"https:\/\/eglise-saint-clair.org\/wp-content\/uploads\/2021\/04\/flyer-Josephine-petit-294x300.jpg\" \/>\n<meta name=\"twitter:card\" content=\"summary_large_image\" \/>\n<meta name=\"twitter:label1\" content=\"Dur\u00e9e de lecture estim\u00e9e\" \/>\n\t<meta name=\"twitter:data1\" content=\"8 minutes\" \/>\n<script type=\"application\/ld+json\" class=\"yoast-schema-graph\">{\"@context\":\"https:\/\/schema.org\",\"@graph\":[{\"@type\":\"Organization\",\"@id\":\"https:\/\/eglise-saint-clair.org\/#organization\",\"name\":\"Association de Sauvegarde de l'\u00e9glise Saint clair d'H\u00e9rouville-en-Vexin\",\"url\":\"https:\/\/eglise-saint-clair.org\/\",\"sameAs\":[],\"logo\":{\"@type\":\"ImageObject\",\"inLanguage\":\"fr-FR\",\"@id\":\"https:\/\/eglise-saint-clair.org\/#\/schema\/logo\/image\/\",\"url\":\"https:\/\/eglise-saint-clair.org\/wp-content\/uploads\/2018\/09\/Logo-Association-Eglise.gif\",\"contentUrl\":\"https:\/\/eglise-saint-clair.org\/wp-content\/uploads\/2018\/09\/Logo-Association-Eglise.gif\",\"width\":392,\"height\":598,\"caption\":\"Association de Sauvegarde de l'\u00e9glise Saint clair d'H\u00e9rouville-en-Vexin\"},\"image\":{\"@id\":\"https:\/\/eglise-saint-clair.org\/#\/schema\/logo\/image\/\"}},{\"@type\":\"WebSite\",\"@id\":\"https:\/\/eglise-saint-clair.org\/#website\",\"url\":\"https:\/\/eglise-saint-clair.org\/\",\"name\":\"Association de Sauvegarde de l'Eglise d'HEROUVILLE EN VEXIN\",\"description\":\"Apportez votre pierre !\",\"publisher\":{\"@id\":\"https:\/\/eglise-saint-clair.org\/#organization\"},\"potentialAction\":[{\"@type\":\"SearchAction\",\"target\":{\"@type\":\"EntryPoint\",\"urlTemplate\":\"https:\/\/eglise-saint-clair.org\/?s={search_term_string}\"},\"query-input\":\"required name=search_term_string\"}],\"inLanguage\":\"fr-FR\"},{\"@type\":\"ImageObject\",\"inLanguage\":\"fr-FR\",\"@id\":\"https:\/\/eglise-saint-clair.org\/#primaryimage\",\"url\":\"https:\/\/eglise-saint-clair.org\/wp-content\/uploads\/2021\/04\/flyer-Josephine-petit.jpg\",\"contentUrl\":\"https:\/\/eglise-saint-clair.org\/wp-content\/uploads\/2021\/04\/flyer-Josephine-petit.jpg\",\"width\":693,\"height\":706},{\"@type\":\"WebPage\",\"@id\":\"https:\/\/eglise-saint-clair.org\/\",\"url\":\"https:\/\/eglise-saint-clair.org\/\",\"name\":\"Bienvenue ! &lt;\",\"isPartOf\":{\"@id\":\"https:\/\/eglise-saint-clair.org\/#website\"},\"primaryImageOfPage\":{\"@id\":\"https:\/\/eglise-saint-clair.org\/#primaryimage\"},\"datePublished\":\"2018-08-14T17:35:34+00:00\",\"dateModified\":\"2025-12-26T10:39:51+00:00\",\"breadcrumb\":{\"@id\":\"https:\/\/eglise-saint-clair.org\/#breadcrumb\"},\"inLanguage\":\"fr-FR\",\"potentialAction\":[{\"@type\":\"ReadAction\",\"target\":[\"https:\/\/eglise-saint-clair.org\/\"]}]},{\"@type\":\"BreadcrumbList\",\"@id\":\"https:\/\/eglise-saint-clair.org\/#breadcrumb\",\"itemListElement\":[{\"@type\":\"ListItem\",\"position\":1,\"name\":\"Accueil\",\"item\":\"https:\/\/eglise-saint-clair.org\/\"},{\"@type\":\"ListItem\",\"position\":2,\"name\":\"Bienvenue !\"}]}]}<\/script>\n<!-- \/ Yoast SEO plugin. -->","yoast_head_json":{"title":"Bienvenue ! &lt;","robots":{"index":"index","follow":"follow","max-snippet":"max-snippet:-1","max-image-preview":"max-image-preview:large","max-video-preview":"max-video-preview:-1"},"canonical":"https:\/\/eglise-saint-clair.org\/","og_locale":"fr_FR","og_type":"article","og_title":"Bienvenue ! &lt;","og_description":"Notre \u00e9glise, t\u00e9moin de 9 si\u00e8cles d&rsquo;histoire au milieu du village vous tient \u00e0 coeur ?Nous aussi ! &nbsp; Demandez les cartes postales ! D\u00e9voil\u00e9es lors des journ\u00e9es du Patrimoine 2023, les cartes postales de l&rsquo;\u00e9glise, du village et du ch\u00e2teau d&rsquo;H\u00e9rouville ont \u00e9t\u00e9 r\u00e9\u00e9dit\u00e9es par l&rsquo;Association. Il y en a 31 diff\u00e9rentes, dont deux in\u00e9dites : une repr\u00e9sente le vitrail l\u00e9gendaire de la vie de Saint Clair, l&rsquo;autre une photo in\u00e9dite du ch\u00e2teau d&rsquo;H\u00e9rouville vers 1870. C&rsquo;est la seule que nous ayons o\u00f9 la partie centrale est encore visible avant qu&rsquo;elle ne soit d\u00e9molie. Les cartes postales sont ici ! Comment vous les procurer ? Si vous habitez H\u00e9rouville-en-Vexin ou vous avez l&rsquo;occasion de passer, prenez contact auparavant. Vous n&rsquo;aurez aucun frais d&rsquo;envoi. Sinon, vous pouvez les commander en ligne via notre partenaire HelloAsso. Il est sorti ! \u00a0 Le livre \u00e9crit par Jean-Marie PIERRAT : Jos\u00e9phine Brochard-Artoux etla vie \u00e0 H\u00e9rouville au XIXe si\u00e8cleest d\u00e9sormais r\u00e9\u00e9dit\u00e9 ! Oubliez tout ce que vous connaissez de la vie h\u00e9rouvilloise : bienvenue dans l\u2019univers du XIXe si\u00e8cle ! Partant d\u2019une H\u00e9rouvilloise \u00e0 la fois ordinaire et extra-ordinaire, Jean-Marie PIERRAT vous fait red\u00e9couvrir la vie du village avec son caf\u00e9, son \u00e9cole, son cimeti\u00e8re \u00e0 l\u2019endroit o\u00f9 vous ne l\u2019attendez sans doute pas, sa cabine t\u00e9l\u00e9phonique, ses cur\u00e9s, ses instituteurs, ses cultivateurs et tant d\u2019autres\u2026 L\u2019auteur lui-m\u00eame ne se doutait pas qu\u2019il \u00e9crirait un jour un livre d\u2019Histoire. Mais la passion de l\u2019\u00e9glise au c\u0153ur du village, le temps d\u00e9gag\u00e9 par un confinement que l\u2019on n\u2019avait pas anticip\u00e9, les nouvelles technologies, le tout a produit par magie une promenade inattendue dans les rues de notre village qui, par exemple, ont bien failli \u00eatre \u00e9clair\u00e9es par\u2026 des lampes \u00e0 p\u00e9trole ! Le conseil municipal en avait d\u00e9cid\u00e9 ainsi avant de se raviser&#8230;En achetant ce livre, vous participez \u00e0 la restauration de notre v\u00e9n\u00e9rable \u00e9glise du XIIe si\u00e8cle, \u0153uvre de tant de g\u00e9n\u00e9rations de b\u00e2tisseurs et d\u2019artistes, et t\u00e9moin de tant d\u2019\u00e9v\u00e8nements heureux et douloureux.Vous pouvez vous le procurer ici. Vous pouvez \u00e9galement prendre contact&#8230; &nbsp; Merci les b\u00e9n\u00e9voles ! C&rsquo;est fait : les capteurs sont en place Le matin m\u00eame de l&rsquo;incendie \u00e0 Notre Dame de Paris, 8 b\u00e9n\u00e9voles, sous la conduite de Gilles, se sont retrouv\u00e9s pour d\u00e9monter les \u00ab\u00a0contrefiches\u00a0\u00bb. Entendez par l\u00e0 les \u00e9tais, \u00e0 l&rsquo;ext\u00e9rieur de l&rsquo;\u00e9glise, pos\u00e9s il y a une quinzaine d&rsquo;ann\u00e9es pour soutenir le mur c\u00f4t\u00e9 Sud. Les intemp\u00e9ries ont fait que les poutres, gorg\u00e9es d&rsquo;eau \u00e9taient compl\u00e8tement pourries.Cette op\u00e9ration de d\u00e9montage a \u00e9t\u00e9 faite en accord avec notre Architecte, ainsi qu&rsquo;avec celui de Monsieur L&rsquo;Architecte des B\u00e2timents de France. Le but est que le Monument repose sur ses fondations et piliers naturels pour la suite des op\u00e9rations : la surveillance par des capteurs qui vont \u00eatre pos\u00e9s prochainement (voir ci-contre). &nbsp; Merci \u00e0 tous les b\u00e9n\u00e9voles ! Vous pouvez cliquer sur la photo pour voir toutes les autres&#8230; De la volont\u00e9 m\u00eame de notre Architecte, il est urgent de ne pas se pr\u00e9cipiter de faire des travaux lourds. Ceux-ci auront bien lieu, mais il est n\u00e9cessaire de bien analyser la fa\u00e7on dont notre \u00e9glise bouge en fonction des saisons, de l&rsquo;humidit\u00e9, de la temp\u00e9rature.Des capteurs \u00e9lectroniques viennent d&rsquo;\u00eatre pos\u00e9s \u00e0 des endroits strat\u00e9giques, bien plus pr\u00e9cis que les t\u00e9moins en pl\u00e2tre utilis\u00e9s autrefois. Ceux-ci enregistrent leurs mesures toutes les heures, pendant au moins un an. De l&rsquo;analyse de celles-ci, ainsi qu&rsquo;\u00e0 l&rsquo;analyse de stabilit\u00e9 des sols et des plans en 3D r\u00e9cemment \u00e9tablis, d\u00e9couleront des pr\u00e9conisations de travaux par notre Architecte, \u00e0 la fin de l&rsquo;ann\u00e9e prochaine.Donc rien de spectaculaire, mais le dossier avance !Viendront alors le temps de recherche de subventions et des dossiers administratifs et techniques avant d&rsquo;entrer dans le vif du sujet.Nous aurons bien le temps d&rsquo;en reparler ! &nbsp; Concert le 2 juin 2018 donn\u00e9 au profitde la restauration de l&rsquo;\u00e9glise Les Foudziks ont fait vibrer les vo\u00fbtes s\u00e9culaires de notre \u00e9glise !Vous retrouverez ici quelques extraits en vid\u00e9o. Page Facebook des Foudziks&#8230; Les graffitis du clocher :Retrouvez les photos ici ! En pr\u00e9vision des travaux \u00e0 venir, nous avons eu plusieurs fois l&rsquo;occasion de monter dans le clocher&#8230; Cela a \u00e9t\u00e9 l&rsquo;occasion d&rsquo;y d\u00e9couvrir un tr\u00e9sor m\u00e9connu : les tr\u00e8s nombreux graffitis op\u00e9r\u00e9s par des charpentiers, tailleurs de pierre, ouvriers&#8230; et H\u00e9rouvillois. Le plus ancien date de 1675, et le plus r\u00e9cent de 1997. Apr\u00e8s un travail d&rsquo;inventaire photographique, nous sommes heureux de vous les faire (re)d\u00e9couvrir : elles ont \u00e9t\u00e9 expos\u00e9s lors des Journ\u00e9es du Patrimoine, mais vous pouvez d\u00e9sormais les retrouver en ligne ! \u00a0 Objectif :supprimer les \u00e9tais en bois! Bien s\u00fbr, ces sout\u00e8nements en bois sont\u00a0disgracieux&#8230; Mais plus fondamentalement, provisoires depuis plus de 10 ans, ceux-ci n&rsquo;assurent plus correctement leur fonction. En particulier ceux qui sont situ\u00e9s \u00e0 l&rsquo;ext\u00e9rieur de l&rsquo;\u00e9difice et dont la base est pourrie&#8230; Monsieur l&rsquo;Architecte en Chef des Monuments Historiques a fait une \u00e9tude pouss\u00e9e qui va nous conduire \u00e0 des travaux importants de consolidation pour que notre \u00e9glise retrouve une coh\u00e9rence p\u00e9r\u00e8ne. Participez \u00e0 cette restauration! La Municipalit\u00e9, \u00e9paul\u00e9e par l&rsquo;Association a recrut\u00e9\u00a0Monsieur Berhault, architecte du Patrimoine, sp\u00e9cialis\u00e9 dans les monuments anciens et en particulier les \u00e9glises,\u00a0 qui doit finaliser les \u00e9tudes, nous aider dans les dossiers administratifs, et enfin conduire les travaux. Nous esp\u00e9rons que ceux-ci pourront commencer en 2019.Pour compl\u00e9ter les subventions publiques (limit\u00e9es \u00e0 80%), nous avons besoin de vous !Rendez-vous ici&#8230; et merci d&rsquo;avance ! Il n\u2019est plus n\u00e9cessaire de pr\u00e9senter Roger DESCAMPS, g\u00e9n\u00e9alogiste et historien passionn\u00e9. Il avait d\u00e9j\u00e0 \u00e9crit un document d\u2019une cinquantaine de pages sur l\u2019histoire de notre \u00e9glise et de notre village.Il l\u2019a enti\u00e8rement revu, avec des sections in\u00e9dites (par exemple la juxtaposition des cartes des plans du village d\u2019aujourd\u2019hui\u2026 avec ceux du XVI\u00e8me si\u00e8cle). Bref, le nombre de pages a plus que doubl\u00e9 !Une mine de renseignements pr\u00e9cieux pour celui qui s\u2019int\u00e9resse \u00e0 ce qui fait l\u2019\u00e2me d\u2019H\u00e9rouville aujourd\u2019hui, qui trouve ses racines dans ce qu\u2019ont v\u00e9cu et b\u00e2ti nos pr\u00e9d\u00e9cesseurs.Merci Roger ! Vous pouvez vous procurer cet ouvrage (18.50\u20ac)\u00a0 \u00e0 la Mairie ou le commander en ligne dans la boutique. D\u00e9sol\u00e9 : l&rsquo;ouvrage est d\u00e9sormais \u00e9puis\u00e9&#8230; x","og_url":"https:\/\/eglise-saint-clair.org\/","article_modified_time":"2025-12-26T10:39:51+00:00","og_image":[{"url":"https:\/\/eglise-saint-clair.org\/wp-content\/uploads\/2021\/04\/flyer-Josephine-petit-294x300.jpg"}],"twitter_card":"summary_large_image","twitter_misc":{"Dur\u00e9e de lecture estim\u00e9e":"8 minutes"},"schema":{"@context":"https:\/\/schema.org","@graph":[{"@type":"Organization","@id":"https:\/\/eglise-saint-clair.org\/#organization","name":"Association de Sauvegarde de l'\u00e9glise Saint clair d'H\u00e9rouville-en-Vexin","url":"https:\/\/eglise-saint-clair.org\/","sameAs":[],"logo":{"@type":"ImageObject","inLanguage":"fr-FR","@id":"https:\/\/eglise-saint-clair.org\/#\/schema\/logo\/image\/","url":"https:\/\/eglise-saint-clair.org\/wp-content\/uploads\/2018\/09\/Logo-Association-Eglise.gif","contentUrl":"https:\/\/eglise-saint-clair.org\/wp-content\/uploads\/2018\/09\/Logo-Association-Eglise.gif","width":392,"height":598,"caption":"Association de Sauvegarde de l'\u00e9glise Saint clair d'H\u00e9rouville-en-Vexin"},"image":{"@id":"https:\/\/eglise-saint-clair.org\/#\/schema\/logo\/image\/"}},{"@type":"WebSite","@id":"https:\/\/eglise-saint-clair.org\/#website","url":"https:\/\/eglise-saint-clair.org\/","name":"Association de Sauvegarde de l'Eglise d'HEROUVILLE EN VEXIN","description":"Apportez votre pierre !","publisher":{"@id":"https:\/\/eglise-saint-clair.org\/#organization"},"potentialAction":[{"@type":"SearchAction","target":{"@type":"EntryPoint","urlTemplate":"https:\/\/eglise-saint-clair.org\/?s={search_term_string}"},"query-input":"required name=search_term_string"}],"inLanguage":"fr-FR"},{"@type":"ImageObject","inLanguage":"fr-FR","@id":"https:\/\/eglise-saint-clair.org\/#primaryimage","url":"https:\/\/eglise-saint-clair.org\/wp-content\/uploads\/2021\/04\/flyer-Josephine-petit.jpg","contentUrl":"https:\/\/eglise-saint-clair.org\/wp-content\/uploads\/2021\/04\/flyer-Josephine-petit.jpg","width":693,"height":706},{"@type":"WebPage","@id":"https:\/\/eglise-saint-clair.org\/","url":"https:\/\/eglise-saint-clair.org\/","name":"Bienvenue ! &lt;","isPartOf":{"@id":"https:\/\/eglise-saint-clair.org\/#website"},"primaryImageOfPage":{"@id":"https:\/\/eglise-saint-clair.org\/#primaryimage"},"datePublished":"2018-08-14T17:35:34+00:00","dateModified":"2025-12-26T10:39:51+00:00","breadcrumb":{"@id":"https:\/\/eglise-saint-clair.org\/#breadcrumb"},"inLanguage":"fr-FR","potentialAction":[{"@type":"ReadAction","target":["https:\/\/eglise-saint-clair.org\/"]}]},{"@type":"BreadcrumbList","@id":"https:\/\/eglise-saint-clair.org\/#breadcrumb","itemListElement":[{"@type":"ListItem","position":1,"name":"Accueil","item":"https:\/\/eglise-saint-clair.org\/"},{"@type":"ListItem","position":2,"name":"Bienvenue !"}]}]}},"_links":{"self":[{"href":"https:\/\/eglise-saint-clair.org\/index.php?rest_route=\/wp\/v2\/pages\/63","targetHints":{"allow":["GET"]}}],"collection":[{"href":"https:\/\/eglise-saint-clair.org\/index.php?rest_route=\/wp\/v2\/pages"}],"about":[{"href":"https:\/\/eglise-saint-clair.org\/index.php?rest_route=\/wp\/v2\/types\/page"}],"author":[{"embeddable":true,"href":"https:\/\/eglise-saint-clair.org\/index.php?rest_route=\/wp\/v2\/users\/1"}],"replies":[{"embeddable":true,"href":"https:\/\/eglise-saint-clair.org\/index.php?rest_route=%2Fwp%2Fv2%2Fcomments&post=63"}],"version-history":[{"count":192,"href":"https:\/\/eglise-saint-clair.org\/index.php?rest_route=\/wp\/v2\/pages\/63\/revisions"}],"predecessor-version":[{"id":694,"href":"https:\/\/eglise-saint-clair.org\/index.php?rest_route=\/wp\/v2\/pages\/63\/revisions\/694"}],"wp:attachment":[{"href":"https:\/\/eglise-saint-clair.org\/index.php?rest_route=%2Fwp%2Fv2%2Fmedia&parent=63"}],"curies":[{"name":"wp","href":"https:\/\/api.w.org\/{rel}","templated":true}]}}