{"id":90,"date":"2018-08-15T09:18:40","date_gmt":"2018-08-15T07:18:40","guid":{"rendered":"http:\/\/eglise-saint-clair.org\/?page_id=90"},"modified":"2023-10-09T09:20:18","modified_gmt":"2023-10-09T07:20:18","slug":"visiter","status":"publish","type":"page","link":"https:\/\/eglise-saint-clair.org\/?page_id=90","title":{"rendered":"Visite&#8230; et visite virtuelle"},"content":{"rendered":"<p style=\"font-weight: 400;\"><span style=\"font-family: verdana, geneva, sans-serif;\"><strong><b>Visite de l&rsquo;\u00e9glise<\/b><\/strong><\/span><\/p>\n<p><span style=\"font-family: verdana, geneva, sans-serif;\">L&rsquo;Association est heureuse de pouvoir vous faire visiter (sur rendez-vous) l&rsquo;\u00e9glise gratuitement !<\/span><br \/>\n<span style=\"font-family: verdana, geneva, sans-serif;\">Pour cela, vous pouvez contacter :<\/span><\/p>\n<table style=\"border-collapse: collapse; width: 62.6214%; height: 160px;\" border=\"1\">\n<tbody>\n<tr>\n<td style=\"width: 50%;\">Pierre CLOAREC<\/td>\n<td style=\"width: 50%;\">01-34-66-52-09<\/td>\n<\/tr>\n<tr>\n<td style=\"width: 50%;\">Marie-France RENAUD<\/td>\n<td style=\"width: 50%;\">06-26-59-49-11<\/td>\n<\/tr>\n<tr>\n<td style=\"width: 50%;\">Dani\u00e8le et Christian PEYRUCHAT<\/td>\n<td style=\"width: 50%;\">01-34-66-51-54<\/td>\n<\/tr>\n<tr>\n<td style=\"width: 50%;\">Christiane et Pierre GRENIER<\/td>\n<td style=\"width: 50%;\">01-34-66-52-77<\/td>\n<\/tr>\n<tr>\n<td style=\"width: 50%;\">Jean-Marie PIERRAT<\/td>\n<td style=\"width: 50%;\">06-63-12-41-61<\/td>\n<\/tr>\n<tr>\n<td style=\"width: 50%;\">par courriel\u00a0:<\/td>\n<td style=\"width: 50%;\"><a style=\"font-family: verdana, geneva, sans-serif;\" href=\"mailto:contact@eglise-saint-clair.org\">contact@eglise-saint-clair.org<\/a><\/td>\n<\/tr>\n<\/tbody>\n<\/table>\n<p><span style=\"font-family: verdana, geneva, sans-serif;\">A cette occasion, il vous sera propos\u00e9 de contribuer \u00e0 la restauration de l\u2019\u00e9glise en faisant un don d\u00e9fiscalis\u00e9.<\/span><\/p>\n<p style=\"font-weight: 400;\"><span style=\"font-family: verdana, geneva, sans-serif;\">En attendant :<\/span><br \/>\n<span style=\"font-family: verdana, geneva, sans-serif;\">Vous pourrez la d\u00e9couvrir grace \u00e0 cette vid\u00e9o (Merci \u00e0 Jean-Marie HOBLINGRE pour les photos, et \u00e0 Roger DESCAMPS pour le montage et la musique) :\u00a0<\/span><\/p>\n<p style=\"text-align: center;\"><iframe loading=\"lazy\" src=\"https:\/\/www.youtube.com\/embed\/QcDNkjOr7hI\" width=\"560\" height=\"315\" frameborder=\"0\" allowfullscreen=\"allowfullscreen\"><\/iframe><\/p>\n<p><span style=\"font-family: verdana, geneva, sans-serif;\">D&rsquo;autre part, nous pouvons, une vingtaine d&rsquo;ann\u00e9es apr\u00e8s, nous pouvons vous faire revivre en vid\u00e9o (23 minutes) les passionnantes fouilles arch\u00e9ologiques\u00a0 de 2003!<\/span><\/p>\n<p style=\"text-align: center;\"><iframe loading=\"lazy\" src=\"\/\/www.dailymotion.com\/embed\/video\/xsbfzy\" width=\"480\" height=\"270\" frameborder=\"0\" allowfullscreen=\"allowfullscreen\"><\/iframe><\/p>\n<p>&nbsp;<\/p>\n<p><span style=\"font-family: verdana, geneva, sans-serif;\">Conseils pour la vid\u00e9o:<\/span><\/p>\n<ul>\n<li><span style=\"font-family: verdana, geneva, sans-serif;\">N&rsquo;oubliez pas d&rsquo;activer vos haut-parleurs !<\/span><\/li>\n<li><span style=\"font-family: verdana, geneva, sans-serif;\">Apr\u00e8s avoir cliqu\u00e9 sur le triangle pour d\u00e9marrer la vid\u00e9o, mettez-vous en plein \u00e9cran en cliquant sur le petit symbole (passer la souris sur la vid\u00e9o sans cliquer pour le faire apparaitre):<\/span><\/li>\n<\/ul>\n<p><span style=\"font-family: verdana, geneva, sans-serif;\">\u00a0<\/span><\/p>\n<ul>\n<li><span style=\"font-family: verdana, geneva, sans-serif;\">Pour retourner en mode \u00ab\u00a0normal\u00a0\u00bb, il suffit d&rsquo;appuyer sur la touche \u00ab\u00a0Ech\u00a0\u00bb ou \u00ab\u00a0Esc\u00a0\u00bb en haut et \u00e0 gauche de votre clavier.<\/span><\/li>\n<\/ul>\n<p>Les fouilles arch\u00e9ologiques vous int\u00e9ressent ? Vous pouvez t\u00e9l\u00e9charger les 2 volumes du rapport :<\/p>\n<p>&nbsp;<\/p>\n<figure id=\"attachment_247\" aria-describedby=\"caption-attachment-247\" style=\"width: 213px\" class=\"wp-caption aligncenter\"><a href=\"http:\/\/dolia.inrap.fr\/flora\/servlet\/DocumentFileManager?source=ged&amp;document=ged:IDOCS:14819&amp;resolution=MEDIUM&amp;recordId=default%3AUNIMARC%3A3370&amp;file=\" target=\"_blank\" rel=\"noopener noreferrer\"><img loading=\"lazy\" decoding=\"async\" class=\"wp-image-247 size-medium\" src=\"https:\/\/eglise-saint-clair.org\/wp-content\/uploads\/2020\/01\/VOL-1-213x300.jpg\" alt=\"\" width=\"213\" height=\"300\" srcset=\"https:\/\/eglise-saint-clair.org\/wp-content\/uploads\/2020\/01\/VOL-1-213x300.jpg 213w, https:\/\/eglise-saint-clair.org\/wp-content\/uploads\/2020\/01\/VOL-1.jpg 441w\" sizes=\"auto, (max-width: 213px) 100vw, 213px\" \/><\/a><figcaption id=\"caption-attachment-247\" class=\"wp-caption-text\">Volume 1 : Textes<\/figcaption><\/figure>\n<p>&nbsp;<\/p>\n<figure id=\"attachment_248\" aria-describedby=\"caption-attachment-248\" style=\"width: 207px\" class=\"wp-caption aligncenter\"><a href=\"http:\/\/dolia.inrap.fr\/flora\/servlet\/DocumentFileManager?source=ged&amp;document=ged:IDOCS:14820&amp;resolution=MEDIUM&amp;recordId=default%3AUNIMARC%3A3370&amp;file=\" target=\"_blank\" rel=\"noopener noreferrer\"><img loading=\"lazy\" decoding=\"async\" class=\"wp-image-248 size-medium\" src=\"https:\/\/eglise-saint-clair.org\/wp-content\/uploads\/2020\/01\/vol2-207x300.jpg\" alt=\"\" width=\"207\" height=\"300\" srcset=\"https:\/\/eglise-saint-clair.org\/wp-content\/uploads\/2020\/01\/vol2-207x300.jpg 207w, https:\/\/eglise-saint-clair.org\/wp-content\/uploads\/2020\/01\/vol2.jpg 502w\" sizes=\"auto, (max-width: 207px) 100vw, 207px\" \/><\/a><figcaption id=\"caption-attachment-248\" class=\"wp-caption-text\">Volume 2 : illustrations<\/figcaption><\/figure>\n<p style=\"text-align: center;\">\n","protected":false},"excerpt":{"rendered":"<p>Visite de l&rsquo;\u00e9glise L&rsquo;Association est heureuse de pouvoir vous faire visiter (sur rendez-vous) l&rsquo;\u00e9glise gratuitement ! Pour cela, vous pouvez contacter : Pierre CLOAREC 01-34-66-52-09 Marie-France RENAUD 06-26-59-49-11 Dani\u00e8le et Christian PEYRUCHAT 01-34-66-51-54 Christiane et Pierre GRENIER 01-34-66-52-77 Jean-Marie PIERRAT 06-63-12-41-61 par courriel\u00a0: contact@eglise-saint-clair.org A cette occasion, il vous sera propos\u00e9 de contribuer \u00e0 la restauration de l\u2019\u00e9glise en faisant un don d\u00e9fiscalis\u00e9. En attendant : Vous pourrez la d\u00e9couvrir grace \u00e0 cette vid\u00e9o (Merci \u00e0 Jean-Marie HOBLINGRE pour les photos, et \u00e0 Roger DESCAMPS pour le montage et la musique) :\u00a0 D&rsquo;autre part, nous pouvons, une vingtaine d&rsquo;ann\u00e9es apr\u00e8s, nous pouvons vous faire revivre en vid\u00e9o (23 minutes) les passionnantes fouilles arch\u00e9ologiques\u00a0 de 2003! &nbsp; Conseils pour la vid\u00e9o: N&rsquo;oubliez pas d&rsquo;activer vos haut-parleurs ! Apr\u00e8s avoir cliqu\u00e9 sur le triangle pour d\u00e9marrer la vid\u00e9o, mettez-vous en plein \u00e9cran en cliquant sur le petit symbole (passer la souris sur la vid\u00e9o sans cliquer pour le faire apparaitre): \u00a0 Pour retourner en mode \u00ab\u00a0normal\u00a0\u00bb, il suffit d&rsquo;appuyer sur la touche \u00ab\u00a0Ech\u00a0\u00bb ou \u00ab\u00a0Esc\u00a0\u00bb en haut et \u00e0 gauche de votre clavier. Les fouilles arch\u00e9ologiques vous int\u00e9ressent ? Vous pouvez t\u00e9l\u00e9charger les 2 volumes du rapport : &nbsp; &nbsp;<\/p>\n","protected":false},"author":1,"featured_media":0,"parent":0,"menu_order":0,"comment_status":"closed","ping_status":"closed","template":"","meta":{"footnotes":""},"class_list":["post-90","page","type-page","status-publish","hentry"],"yoast_head":"<!-- This site is optimized with the Yoast SEO plugin v19.3 - https:\/\/yoast.com\/wordpress\/plugins\/seo\/ -->\n<title>Visite... et visite virtuelle &lt;<\/title>\n<meta name=\"robots\" content=\"index, follow, max-snippet:-1, max-image-preview:large, max-video-preview:-1\" \/>\n<link rel=\"canonical\" href=\"https:\/\/eglise-saint-clair.org\/?page_id=90\" \/>\n<meta property=\"og:locale\" content=\"fr_FR\" \/>\n<meta property=\"og:type\" content=\"article\" \/>\n<meta property=\"og:title\" content=\"Visite... et visite virtuelle &lt;\" \/>\n<meta property=\"og:description\" content=\"Visite de l&rsquo;\u00e9glise L&rsquo;Association est heureuse de pouvoir vous faire visiter (sur rendez-vous) l&rsquo;\u00e9glise gratuitement ! Pour cela, vous pouvez contacter : Pierre CLOAREC 01-34-66-52-09 Marie-France RENAUD 06-26-59-49-11 Dani\u00e8le et Christian PEYRUCHAT 01-34-66-51-54 Christiane et Pierre GRENIER 01-34-66-52-77 Jean-Marie PIERRAT 06-63-12-41-61 par courriel\u00a0: contact@eglise-saint-clair.org A cette occasion, il vous sera propos\u00e9 de contribuer \u00e0 la restauration de l\u2019\u00e9glise en faisant un don d\u00e9fiscalis\u00e9. En attendant : Vous pourrez la d\u00e9couvrir grace \u00e0 cette vid\u00e9o (Merci \u00e0 Jean-Marie HOBLINGRE pour les photos, et \u00e0 Roger DESCAMPS pour le montage et la musique) :\u00a0 D&rsquo;autre part, nous pouvons, une vingtaine d&rsquo;ann\u00e9es apr\u00e8s, nous pouvons vous faire revivre en vid\u00e9o (23 minutes) les passionnantes fouilles arch\u00e9ologiques\u00a0 de 2003! &nbsp; Conseils pour la vid\u00e9o: N&rsquo;oubliez pas d&rsquo;activer vos haut-parleurs ! Apr\u00e8s avoir cliqu\u00e9 sur le triangle pour d\u00e9marrer la vid\u00e9o, mettez-vous en plein \u00e9cran en cliquant sur le petit symbole (passer la souris sur la vid\u00e9o sans cliquer pour le faire apparaitre): \u00a0 Pour retourner en mode \u00ab\u00a0normal\u00a0\u00bb, il suffit d&rsquo;appuyer sur la touche \u00ab\u00a0Ech\u00a0\u00bb ou \u00ab\u00a0Esc\u00a0\u00bb en haut et \u00e0 gauche de votre clavier. Les fouilles arch\u00e9ologiques vous int\u00e9ressent ? Vous pouvez t\u00e9l\u00e9charger les 2 volumes du rapport : &nbsp; &nbsp;\" \/>\n<meta property=\"og:url\" content=\"https:\/\/eglise-saint-clair.org\/?page_id=90\" \/>\n<meta property=\"article:modified_time\" content=\"2023-10-09T07:20:18+00:00\" \/>\n<meta property=\"og:image\" content=\"https:\/\/eglise-saint-clair.org\/wp-content\/uploads\/2020\/01\/VOL-1-213x300.jpg\" \/>\n<meta name=\"twitter:card\" content=\"summary_large_image\" \/>\n<meta name=\"twitter:label1\" content=\"Dur\u00e9e de lecture estim\u00e9e\" \/>\n\t<meta name=\"twitter:data1\" content=\"2 minutes\" \/>\n<script type=\"application\/ld+json\" class=\"yoast-schema-graph\">{\"@context\":\"https:\/\/schema.org\",\"@graph\":[{\"@type\":\"Organization\",\"@id\":\"https:\/\/eglise-saint-clair.org\/#organization\",\"name\":\"Association de Sauvegarde de l'\u00e9glise Saint clair d'H\u00e9rouville-en-Vexin\",\"url\":\"https:\/\/eglise-saint-clair.org\/\",\"sameAs\":[],\"logo\":{\"@type\":\"ImageObject\",\"inLanguage\":\"fr-FR\",\"@id\":\"https:\/\/eglise-saint-clair.org\/#\/schema\/logo\/image\/\",\"url\":\"https:\/\/eglise-saint-clair.org\/wp-content\/uploads\/2018\/09\/Logo-Association-Eglise.gif\",\"contentUrl\":\"https:\/\/eglise-saint-clair.org\/wp-content\/uploads\/2018\/09\/Logo-Association-Eglise.gif\",\"width\":392,\"height\":598,\"caption\":\"Association de Sauvegarde de l'\u00e9glise Saint clair d'H\u00e9rouville-en-Vexin\"},\"image\":{\"@id\":\"https:\/\/eglise-saint-clair.org\/#\/schema\/logo\/image\/\"}},{\"@type\":\"WebSite\",\"@id\":\"https:\/\/eglise-saint-clair.org\/#website\",\"url\":\"https:\/\/eglise-saint-clair.org\/\",\"name\":\"Association de Sauvegarde de l'Eglise d'HEROUVILLE EN VEXIN\",\"description\":\"Apportez votre pierre !\",\"publisher\":{\"@id\":\"https:\/\/eglise-saint-clair.org\/#organization\"},\"potentialAction\":[{\"@type\":\"SearchAction\",\"target\":{\"@type\":\"EntryPoint\",\"urlTemplate\":\"https:\/\/eglise-saint-clair.org\/?s={search_term_string}\"},\"query-input\":\"required name=search_term_string\"}],\"inLanguage\":\"fr-FR\"},{\"@type\":\"ImageObject\",\"inLanguage\":\"fr-FR\",\"@id\":\"https:\/\/eglise-saint-clair.org\/?page_id=90#primaryimage\",\"url\":\"https:\/\/eglise-saint-clair.org\/wp-content\/uploads\/2020\/01\/VOL-1.jpg\",\"contentUrl\":\"https:\/\/eglise-saint-clair.org\/wp-content\/uploads\/2020\/01\/VOL-1.jpg\",\"width\":441,\"height\":622},{\"@type\":\"WebPage\",\"@id\":\"https:\/\/eglise-saint-clair.org\/?page_id=90\",\"url\":\"https:\/\/eglise-saint-clair.org\/?page_id=90\",\"name\":\"Visite... et visite virtuelle &lt;\",\"isPartOf\":{\"@id\":\"https:\/\/eglise-saint-clair.org\/#website\"},\"primaryImageOfPage\":{\"@id\":\"https:\/\/eglise-saint-clair.org\/?page_id=90#primaryimage\"},\"datePublished\":\"2018-08-15T07:18:40+00:00\",\"dateModified\":\"2023-10-09T07:20:18+00:00\",\"breadcrumb\":{\"@id\":\"https:\/\/eglise-saint-clair.org\/?page_id=90#breadcrumb\"},\"inLanguage\":\"fr-FR\",\"potentialAction\":[{\"@type\":\"ReadAction\",\"target\":[\"https:\/\/eglise-saint-clair.org\/?page_id=90\"]}]},{\"@type\":\"BreadcrumbList\",\"@id\":\"https:\/\/eglise-saint-clair.org\/?page_id=90#breadcrumb\",\"itemListElement\":[{\"@type\":\"ListItem\",\"position\":1,\"name\":\"Accueil\",\"item\":\"https:\/\/eglise-saint-clair.org\/\"},{\"@type\":\"ListItem\",\"position\":2,\"name\":\"Visite&#8230; et visite virtuelle\"}]}]}<\/script>\n<!-- \/ Yoast SEO plugin. -->","yoast_head_json":{"title":"Visite... et visite virtuelle &lt;","robots":{"index":"index","follow":"follow","max-snippet":"max-snippet:-1","max-image-preview":"max-image-preview:large","max-video-preview":"max-video-preview:-1"},"canonical":"https:\/\/eglise-saint-clair.org\/?page_id=90","og_locale":"fr_FR","og_type":"article","og_title":"Visite... et visite virtuelle &lt;","og_description":"Visite de l&rsquo;\u00e9glise L&rsquo;Association est heureuse de pouvoir vous faire visiter (sur rendez-vous) l&rsquo;\u00e9glise gratuitement ! Pour cela, vous pouvez contacter : Pierre CLOAREC 01-34-66-52-09 Marie-France RENAUD 06-26-59-49-11 Dani\u00e8le et Christian PEYRUCHAT 01-34-66-51-54 Christiane et Pierre GRENIER 01-34-66-52-77 Jean-Marie PIERRAT 06-63-12-41-61 par courriel\u00a0: contact@eglise-saint-clair.org A cette occasion, il vous sera propos\u00e9 de contribuer \u00e0 la restauration de l\u2019\u00e9glise en faisant un don d\u00e9fiscalis\u00e9. En attendant : Vous pourrez la d\u00e9couvrir grace \u00e0 cette vid\u00e9o (Merci \u00e0 Jean-Marie HOBLINGRE pour les photos, et \u00e0 Roger DESCAMPS pour le montage et la musique) :\u00a0 D&rsquo;autre part, nous pouvons, une vingtaine d&rsquo;ann\u00e9es apr\u00e8s, nous pouvons vous faire revivre en vid\u00e9o (23 minutes) les passionnantes fouilles arch\u00e9ologiques\u00a0 de 2003! &nbsp; Conseils pour la vid\u00e9o: N&rsquo;oubliez pas d&rsquo;activer vos haut-parleurs ! Apr\u00e8s avoir cliqu\u00e9 sur le triangle pour d\u00e9marrer la vid\u00e9o, mettez-vous en plein \u00e9cran en cliquant sur le petit symbole (passer la souris sur la vid\u00e9o sans cliquer pour le faire apparaitre): \u00a0 Pour retourner en mode \u00ab\u00a0normal\u00a0\u00bb, il suffit d&rsquo;appuyer sur la touche \u00ab\u00a0Ech\u00a0\u00bb ou \u00ab\u00a0Esc\u00a0\u00bb en haut et \u00e0 gauche de votre clavier. Les fouilles arch\u00e9ologiques vous int\u00e9ressent ? Vous pouvez t\u00e9l\u00e9charger les 2 volumes du rapport : &nbsp; &nbsp;","og_url":"https:\/\/eglise-saint-clair.org\/?page_id=90","article_modified_time":"2023-10-09T07:20:18+00:00","og_image":[{"url":"https:\/\/eglise-saint-clair.org\/wp-content\/uploads\/2020\/01\/VOL-1-213x300.jpg"}],"twitter_card":"summary_large_image","twitter_misc":{"Dur\u00e9e de lecture estim\u00e9e":"2 minutes"},"schema":{"@context":"https:\/\/schema.org","@graph":[{"@type":"Organization","@id":"https:\/\/eglise-saint-clair.org\/#organization","name":"Association de Sauvegarde de l'\u00e9glise Saint clair d'H\u00e9rouville-en-Vexin","url":"https:\/\/eglise-saint-clair.org\/","sameAs":[],"logo":{"@type":"ImageObject","inLanguage":"fr-FR","@id":"https:\/\/eglise-saint-clair.org\/#\/schema\/logo\/image\/","url":"https:\/\/eglise-saint-clair.org\/wp-content\/uploads\/2018\/09\/Logo-Association-Eglise.gif","contentUrl":"https:\/\/eglise-saint-clair.org\/wp-content\/uploads\/2018\/09\/Logo-Association-Eglise.gif","width":392,"height":598,"caption":"Association de Sauvegarde de l'\u00e9glise Saint clair d'H\u00e9rouville-en-Vexin"},"image":{"@id":"https:\/\/eglise-saint-clair.org\/#\/schema\/logo\/image\/"}},{"@type":"WebSite","@id":"https:\/\/eglise-saint-clair.org\/#website","url":"https:\/\/eglise-saint-clair.org\/","name":"Association de Sauvegarde de l'Eglise d'HEROUVILLE EN VEXIN","description":"Apportez votre pierre !","publisher":{"@id":"https:\/\/eglise-saint-clair.org\/#organization"},"potentialAction":[{"@type":"SearchAction","target":{"@type":"EntryPoint","urlTemplate":"https:\/\/eglise-saint-clair.org\/?s={search_term_string}"},"query-input":"required name=search_term_string"}],"inLanguage":"fr-FR"},{"@type":"ImageObject","inLanguage":"fr-FR","@id":"https:\/\/eglise-saint-clair.org\/?page_id=90#primaryimage","url":"https:\/\/eglise-saint-clair.org\/wp-content\/uploads\/2020\/01\/VOL-1.jpg","contentUrl":"https:\/\/eglise-saint-clair.org\/wp-content\/uploads\/2020\/01\/VOL-1.jpg","width":441,"height":622},{"@type":"WebPage","@id":"https:\/\/eglise-saint-clair.org\/?page_id=90","url":"https:\/\/eglise-saint-clair.org\/?page_id=90","name":"Visite... et visite virtuelle &lt;","isPartOf":{"@id":"https:\/\/eglise-saint-clair.org\/#website"},"primaryImageOfPage":{"@id":"https:\/\/eglise-saint-clair.org\/?page_id=90#primaryimage"},"datePublished":"2018-08-15T07:18:40+00:00","dateModified":"2023-10-09T07:20:18+00:00","breadcrumb":{"@id":"https:\/\/eglise-saint-clair.org\/?page_id=90#breadcrumb"},"inLanguage":"fr-FR","potentialAction":[{"@type":"ReadAction","target":["https:\/\/eglise-saint-clair.org\/?page_id=90"]}]},{"@type":"BreadcrumbList","@id":"https:\/\/eglise-saint-clair.org\/?page_id=90#breadcrumb","itemListElement":[{"@type":"ListItem","position":1,"name":"Accueil","item":"https:\/\/eglise-saint-clair.org\/"},{"@type":"ListItem","position":2,"name":"Visite&#8230; et visite virtuelle"}]}]}},"_links":{"self":[{"href":"https:\/\/eglise-saint-clair.org\/index.php?rest_route=\/wp\/v2\/pages\/90","targetHints":{"allow":["GET"]}}],"collection":[{"href":"https:\/\/eglise-saint-clair.org\/index.php?rest_route=\/wp\/v2\/pages"}],"about":[{"href":"https:\/\/eglise-saint-clair.org\/index.php?rest_route=\/wp\/v2\/types\/page"}],"author":[{"embeddable":true,"href":"https:\/\/eglise-saint-clair.org\/index.php?rest_route=\/wp\/v2\/users\/1"}],"replies":[{"embeddable":true,"href":"https:\/\/eglise-saint-clair.org\/index.php?rest_route=%2Fwp%2Fv2%2Fcomments&post=90"}],"version-history":[{"count":14,"href":"https:\/\/eglise-saint-clair.org\/index.php?rest_route=\/wp\/v2\/pages\/90\/revisions"}],"predecessor-version":[{"id":598,"href":"https:\/\/eglise-saint-clair.org\/index.php?rest_route=\/wp\/v2\/pages\/90\/revisions\/598"}],"wp:attachment":[{"href":"https:\/\/eglise-saint-clair.org\/index.php?rest_route=%2Fwp%2Fv2%2Fmedia&parent=90"}],"curies":[{"name":"wp","href":"https:\/\/api.w.org\/{rel}","templated":true}]}}